{"id":14914,"date":"2025-10-29T11:03:26","date_gmt":"2025-10-29T11:03:26","guid":{"rendered":"https:\/\/www.artenara.es\/portal-ciudadano\/?page_id=14914"},"modified":"2025-10-29T11:21:29","modified_gmt":"2025-10-29T11:21:29","slug":"mercadillo-tradicional-de-artenara","status":"publish","type":"page","link":"https:\/\/www.artenara.es\/portal-ciudadano\/mercadillo-tradicional-de-artenara\/","title":{"rendered":"Mercadillo Tradicional de Artenara"},"content":{"rendered":"\t\t<div data-elementor-type=\"wp-page\" data-elementor-id=\"14914\" class=\"elementor elementor-14914\" data-elementor-settings=\"[]\">\n\t\t\t<div class=\"elementor-inner\">\n\t\t\t\t<div class=\"elementor-section-wrap\">\n\t\t\t\t\t\t\t<section class=\"elementor-element elementor-element-74e77f1 elementor-section-boxed elementor-section-height-default elementor-section-height-default elementor-section elementor-top-section\" data-id=\"74e77f1\" data-element_type=\"section\" data-settings=\"{&quot;_ha_eqh_enable&quot;:false,&quot;ekit_has_onepagescroll_dot&quot;:&quot;yes&quot;}\">\n\t\t\t\t\t\t<div class=\"elementor-container elementor-column-gap-extended\">\n\t\t\t\t<div class=\"elementor-row\">\n\t\t\t\t<div class=\"elementor-element elementor-element-838029f elementor-column elementor-col-50 elementor-top-column\" data-id=\"838029f\" data-element_type=\"column\">\n\t\t\t<div class=\"elementor-column-wrap  elementor-element-populated\">\n\t\t\t\t\t<div class=\"elementor-widget-wrap\">\n\t\t\t\t<div class=\"elementor-element elementor-element-0fff247 elementor-widget elementor-widget-text-editor\" data-id=\"0fff247\" data-element_type=\"widget\" data-widget_type=\"text-editor.default\">\n\t\t\t\t<div class=\"elementor-widget-container\">\n\t\t\t\t\t<div class=\"elementor-text-editor elementor-clearfix\"><p>Llega la <b>Mercadillo Tradicional de Artenara<\/b> el pr\u00f3ximo S\u00e1bado 1 de Noviembre.<\/p><\/div>\n\t\t\t\t<\/div>\n\t\t\t\t<\/div>\n\t\t\t\t<div class=\"elementor-element elementor-element-0291537 elementor-widget elementor-widget-text-editor\" data-id=\"0291537\" data-element_type=\"widget\" data-widget_type=\"text-editor.default\">\n\t\t\t\t<div class=\"elementor-widget-container\">\n\t\t\t\t\t<div class=\"elementor-text-editor elementor-clearfix\"><p><span style=\"letter-spacing: 0px;\">Tendremos un mercadillo, castillos hinchables y pintacaras infantiles, artesan\u00eda y conciertos de Debelingo y Carmelo Torres.<\/span><\/p><p><strong>\u00a1TE ESPERAMOS!<\/strong><\/p><\/div>\n\t\t\t\t<\/div>\n\t\t\t\t<\/div>\n\t\t\t\t<div class=\"elementor-element elementor-element-15a2c7b elementor-widget elementor-widget-image\" data-id=\"15a2c7b\" data-element_type=\"widget\" data-widget_type=\"image.default\">\n\t\t\t\t<div class=\"elementor-widget-container\">\n\t\t\t\t\t<div class=\"elementor-image\">\n\t\t\t\t\t\t\t\t\t\t\t<a href=\"https:\/\/www.artenara.es\/portal-ciudadano\/wp-content\/uploads\/2025\/10\/MERCADILLO-TRADICIONAL-ARTENARA-RRSS-2.jpg\" data-elementor-open-lightbox=\"yes\" data-elementor-lightbox-title=\"MERCADILLO TRADICIONAL ARTENARA RRSS (2)\">\n\t\t\t\t\t\t\t<img width=\"1081\" height=\"1351\" src=\"https:\/\/www.artenara.es\/portal-ciudadano\/wp-content\/uploads\/2025\/10\/MERCADILLO-TRADICIONAL-ARTENARA-RRSS-2.jpg\" class=\"attachment-full size-full\" alt=\"\" loading=\"lazy\" srcset=\"https:\/\/www.artenara.es\/portal-ciudadano\/wp-content\/uploads\/2025\/10\/MERCADILLO-TRADICIONAL-ARTENARA-RRSS-2.jpg 1081w, https:\/\/www.artenara.es\/portal-ciudadano\/wp-content\/uploads\/2025\/10\/MERCADILLO-TRADICIONAL-ARTENARA-RRSS-2-240x300.jpg 240w, https:\/\/www.artenara.es\/portal-ciudadano\/wp-content\/uploads\/2025\/10\/MERCADILLO-TRADICIONAL-ARTENARA-RRSS-2-819x1024.jpg 819w, https:\/\/www.artenara.es\/portal-ciudadano\/wp-content\/uploads\/2025\/10\/MERCADILLO-TRADICIONAL-ARTENARA-RRSS-2-864x1080.jpg 864w, https:\/\/www.artenara.es\/portal-ciudadano\/wp-content\/uploads\/2025\/10\/MERCADILLO-TRADICIONAL-ARTENARA-RRSS-2-768x960.jpg 768w, https:\/\/www.artenara.es\/portal-ciudadano\/wp-content\/uploads\/2025\/10\/MERCADILLO-TRADICIONAL-ARTENARA-RRSS-2-418x522.jpg 418w\" sizes=\"(max-width: 1081px) 100vw, 1081px\" \/>\t\t\t\t\t\t\t\t<\/a>\n\t\t\t\t\t\t\t\t\t\t\t<\/div>\n\t\t\t\t<\/div>\n\t\t\t\t<\/div>\n\t\t\t\t<div class=\"elementor-element elementor-element-464742a elementor-widget elementor-widget-image\" data-id=\"464742a\" data-element_type=\"widget\" data-widget_type=\"image.default\">\n\t\t\t\t<div class=\"elementor-widget-container\">\n\t\t\t\t\t<div class=\"elementor-image\">\n\t\t\t\t\t\t\t\t\t\t\t<a href=\"https:\/\/www.artenara.es\/portal-ciudadano\/wp-content\/uploads\/2025\/10\/MERCADILLO-TRADICIONAL-ARTENARA-RRSS-4.jpg\" data-elementor-open-lightbox=\"yes\" data-elementor-lightbox-title=\"MERCADILLO TRADICIONAL ARTENARA RRSS (4)\">\n\t\t\t\t\t\t\t<img width=\"1081\" height=\"1351\" src=\"https:\/\/www.artenara.es\/portal-ciudadano\/wp-content\/uploads\/2025\/10\/MERCADILLO-TRADICIONAL-ARTENARA-RRSS-4.jpg\" class=\"attachment-full size-full\" alt=\"\" loading=\"lazy\" srcset=\"https:\/\/www.artenara.es\/portal-ciudadano\/wp-content\/uploads\/2025\/10\/MERCADILLO-TRADICIONAL-ARTENARA-RRSS-4.jpg 1081w, https:\/\/www.artenara.es\/portal-ciudadano\/wp-content\/uploads\/2025\/10\/MERCADILLO-TRADICIONAL-ARTENARA-RRSS-4-240x300.jpg 240w, https:\/\/www.artenara.es\/portal-ciudadano\/wp-content\/uploads\/2025\/10\/MERCADILLO-TRADICIONAL-ARTENARA-RRSS-4-819x1024.jpg 819w, https:\/\/www.artenara.es\/portal-ciudadano\/wp-content\/uploads\/2025\/10\/MERCADILLO-TRADICIONAL-ARTENARA-RRSS-4-864x1080.jpg 864w, https:\/\/www.artenara.es\/portal-ciudadano\/wp-content\/uploads\/2025\/10\/MERCADILLO-TRADICIONAL-ARTENARA-RRSS-4-768x960.jpg 768w, https:\/\/www.artenara.es\/portal-ciudadano\/wp-content\/uploads\/2025\/10\/MERCADILLO-TRADICIONAL-ARTENARA-RRSS-4-418x522.jpg 418w\" sizes=\"(max-width: 1081px) 100vw, 1081px\" \/>\t\t\t\t\t\t\t\t<\/a>\n\t\t\t\t\t\t\t\t\t\t\t<\/div>\n\t\t\t\t<\/div>\n\t\t\t\t<\/div>\n\t\t\t\t<section class=\"elementor-element elementor-element-ad6c340 elementor-section-boxed elementor-section-height-default elementor-section-height-default elementor-section elementor-inner-section\" data-id=\"ad6c340\" data-element_type=\"section\" data-settings=\"{&quot;_ha_eqh_enable&quot;:false,&quot;ekit_has_onepagescroll_dot&quot;:&quot;yes&quot;}\">\n\t\t\t\t\t\t<div class=\"elementor-container elementor-column-gap-extended\">\n\t\t\t\t<div class=\"elementor-row\">\n\t\t\t\t<div class=\"elementor-element elementor-element-428ee58 elementor-column elementor-col-50 elementor-inner-column\" data-id=\"428ee58\" data-element_type=\"column\">\n\t\t\t<div class=\"elementor-column-wrap  elementor-element-populated\">\n\t\t\t\t\t<div class=\"elementor-widget-wrap\">\n\t\t\t\t<div class=\"elementor-element elementor-element-be360bf elementor-widget elementor-widget-image\" data-id=\"be360bf\" data-element_type=\"widget\" data-widget_type=\"image.default\">\n\t\t\t\t<div class=\"elementor-widget-container\">\n\t\t\t\t\t<div class=\"elementor-image\">\n\t\t\t\t\t\t\t\t\t\t\t<a href=\"https:\/\/www.artenara.es\/portal-ciudadano\/wp-content\/uploads\/2025\/10\/RRSS-SAB-1-MERCADILLO-TRADICIONAL-1-2.jpg\" data-elementor-open-lightbox=\"yes\" data-elementor-lightbox-title=\"RRSS SAB 1 MERCADILLO TRADICIONAL 1 (2)\">\n\t\t\t\t\t\t\t<img width=\"1080\" height=\"1350\" src=\"https:\/\/www.artenara.es\/portal-ciudadano\/wp-content\/uploads\/2025\/10\/RRSS-SAB-1-MERCADILLO-TRADICIONAL-1-2.jpg\" class=\"attachment-full size-full\" alt=\"\" loading=\"lazy\" srcset=\"https:\/\/www.artenara.es\/portal-ciudadano\/wp-content\/uploads\/2025\/10\/RRSS-SAB-1-MERCADILLO-TRADICIONAL-1-2.jpg 1080w, https:\/\/www.artenara.es\/portal-ciudadano\/wp-content\/uploads\/2025\/10\/RRSS-SAB-1-MERCADILLO-TRADICIONAL-1-2-240x300.jpg 240w, https:\/\/www.artenara.es\/portal-ciudadano\/wp-content\/uploads\/2025\/10\/RRSS-SAB-1-MERCADILLO-TRADICIONAL-1-2-819x1024.jpg 819w, https:\/\/www.artenara.es\/portal-ciudadano\/wp-content\/uploads\/2025\/10\/RRSS-SAB-1-MERCADILLO-TRADICIONAL-1-2-864x1080.jpg 864w, https:\/\/www.artenara.es\/portal-ciudadano\/wp-content\/uploads\/2025\/10\/RRSS-SAB-1-MERCADILLO-TRADICIONAL-1-2-768x960.jpg 768w, https:\/\/www.artenara.es\/portal-ciudadano\/wp-content\/uploads\/2025\/10\/RRSS-SAB-1-MERCADILLO-TRADICIONAL-1-2-418x523.jpg 418w\" sizes=\"(max-width: 1080px) 100vw, 1080px\" \/>\t\t\t\t\t\t\t\t<\/a>\n\t\t\t\t\t\t\t\t\t\t\t<\/div>\n\t\t\t\t<\/div>\n\t\t\t\t<\/div>\n\t\t\t\t<div class=\"elementor-element elementor-element-0423d8d elementor-widget elementor-widget-image\" data-id=\"0423d8d\" data-element_type=\"widget\" data-widget_type=\"image.default\">\n\t\t\t\t<div class=\"elementor-widget-container\">\n\t\t\t\t\t<div class=\"elementor-image\">\n\t\t\t\t\t\t\t\t\t\t\t<a href=\"https:\/\/www.artenara.es\/portal-ciudadano\/wp-content\/uploads\/2025\/10\/RRSS-SAB-1-MERCADILLO-TRADICIONAL-2-2.jpg\" data-elementor-open-lightbox=\"yes\" data-elementor-lightbox-title=\"RRSS SAB 1 MERCADILLO TRADICIONAL 2 (2)\">\n\t\t\t\t\t\t\t<img width=\"1080\" height=\"1350\" src=\"https:\/\/www.artenara.es\/portal-ciudadano\/wp-content\/uploads\/2025\/10\/RRSS-SAB-1-MERCADILLO-TRADICIONAL-2-2.jpg\" class=\"attachment-full size-full\" alt=\"\" loading=\"lazy\" srcset=\"https:\/\/www.artenara.es\/portal-ciudadano\/wp-content\/uploads\/2025\/10\/RRSS-SAB-1-MERCADILLO-TRADICIONAL-2-2.jpg 1080w, https:\/\/www.artenara.es\/portal-ciudadano\/wp-content\/uploads\/2025\/10\/RRSS-SAB-1-MERCADILLO-TRADICIONAL-2-2-240x300.jpg 240w, https:\/\/www.artenara.es\/portal-ciudadano\/wp-content\/uploads\/2025\/10\/RRSS-SAB-1-MERCADILLO-TRADICIONAL-2-2-819x1024.jpg 819w, https:\/\/www.artenara.es\/portal-ciudadano\/wp-content\/uploads\/2025\/10\/RRSS-SAB-1-MERCADILLO-TRADICIONAL-2-2-864x1080.jpg 864w, https:\/\/www.artenara.es\/portal-ciudadano\/wp-content\/uploads\/2025\/10\/RRSS-SAB-1-MERCADILLO-TRADICIONAL-2-2-768x960.jpg 768w, https:\/\/www.artenara.es\/portal-ciudadano\/wp-content\/uploads\/2025\/10\/RRSS-SAB-1-MERCADILLO-TRADICIONAL-2-2-418x523.jpg 418w\" sizes=\"(max-width: 1080px) 100vw, 1080px\" \/>\t\t\t\t\t\t\t\t<\/a>\n\t\t\t\t\t\t\t\t\t\t\t<\/div>\n\t\t\t\t<\/div>\n\t\t\t\t<\/div>\n\t\t\t\t<div class=\"elementor-element elementor-element-c7e0378 elementor-widget elementor-widget-image\" data-id=\"c7e0378\" data-element_type=\"widget\" data-widget_type=\"image.default\">\n\t\t\t\t<div class=\"elementor-widget-container\">\n\t\t\t\t\t<div class=\"elementor-image\">\n\t\t\t\t\t\t\t\t\t\t\t<a href=\"https:\/\/www.artenara.es\/portal-ciudadano\/wp-content\/uploads\/2025\/10\/RRSS-SAB-1-MERCADILLO-TRADICIONAL-3-2.jpg\" data-elementor-open-lightbox=\"yes\" data-elementor-lightbox-title=\"RRSS SAB 1 MERCADILLO TRADICIONAL 3 (2)\">\n\t\t\t\t\t\t\t<img width=\"1080\" height=\"1350\" src=\"https:\/\/www.artenara.es\/portal-ciudadano\/wp-content\/uploads\/2025\/10\/RRSS-SAB-1-MERCADILLO-TRADICIONAL-3-2.jpg\" class=\"attachment-full size-full\" alt=\"\" loading=\"lazy\" srcset=\"https:\/\/www.artenara.es\/portal-ciudadano\/wp-content\/uploads\/2025\/10\/RRSS-SAB-1-MERCADILLO-TRADICIONAL-3-2.jpg 1080w, https:\/\/www.artenara.es\/portal-ciudadano\/wp-content\/uploads\/2025\/10\/RRSS-SAB-1-MERCADILLO-TRADICIONAL-3-2-240x300.jpg 240w, https:\/\/www.artenara.es\/portal-ciudadano\/wp-content\/uploads\/2025\/10\/RRSS-SAB-1-MERCADILLO-TRADICIONAL-3-2-819x1024.jpg 819w, https:\/\/www.artenara.es\/portal-ciudadano\/wp-content\/uploads\/2025\/10\/RRSS-SAB-1-MERCADILLO-TRADICIONAL-3-2-864x1080.jpg 864w, https:\/\/www.artenara.es\/portal-ciudadano\/wp-content\/uploads\/2025\/10\/RRSS-SAB-1-MERCADILLO-TRADICIONAL-3-2-768x960.jpg 768w, https:\/\/www.artenara.es\/portal-ciudadano\/wp-content\/uploads\/2025\/10\/RRSS-SAB-1-MERCADILLO-TRADICIONAL-3-2-418x523.jpg 418w\" sizes=\"(max-width: 1080px) 100vw, 1080px\" \/>\t\t\t\t\t\t\t\t<\/a>\n\t\t\t\t\t\t\t\t\t\t\t<\/div>\n\t\t\t\t<\/div>\n\t\t\t\t<\/div>\n\t\t\t\t<div class=\"elementor-element elementor-element-a539500 elementor-hidden-desktop elementor-hidden-tablet elementor-widget elementor-widget-spacer\" data-id=\"a539500\" data-element_type=\"widget\" data-widget_type=\"spacer.default\">\n\t\t\t\t<div class=\"elementor-widget-container\">\n\t\t\t\t\t<div class=\"elementor-spacer\">\n\t\t\t<div class=\"elementor-spacer-inner\"><\/div>\n\t\t<\/div>\n\t\t\t\t<\/div>\n\t\t\t\t<\/div>\n\t\t\t\t\t\t<\/div>\n\t\t\t<\/div>\n\t\t<\/div>\n\t\t\t\t<div class=\"elementor-element elementor-element-b925be4 elementor-column elementor-col-50 elementor-inner-column\" data-id=\"b925be4\" data-element_type=\"column\">\n\t\t\t<div class=\"elementor-column-wrap  elementor-element-populated\">\n\t\t\t\t\t<div class=\"elementor-widget-wrap\">\n\t\t\t\t<div class=\"elementor-element elementor-element-d7a9c1d elementor-widget elementor-widget-image\" data-id=\"d7a9c1d\" data-element_type=\"widget\" data-widget_type=\"image.default\">\n\t\t\t\t<div class=\"elementor-widget-container\">\n\t\t\t\t\t<div class=\"elementor-image\">\n\t\t\t\t\t\t\t\t\t\t\t<a href=\"https:\/\/www.artenara.es\/portal-ciudadano\/wp-content\/uploads\/2025\/10\/RRSS-SAB-1-MERCADILLO-TRADICIONAL-5-4.jpg\" data-elementor-open-lightbox=\"yes\" data-elementor-lightbox-title=\"RRSS SAB 1 MERCADILLO TRADICIONAL 5 (4)\">\n\t\t\t\t\t\t\t<img width=\"1080\" height=\"1350\" src=\"https:\/\/www.artenara.es\/portal-ciudadano\/wp-content\/uploads\/2025\/10\/RRSS-SAB-1-MERCADILLO-TRADICIONAL-5-4.jpg\" class=\"attachment-full size-full\" alt=\"\" loading=\"lazy\" srcset=\"https:\/\/www.artenara.es\/portal-ciudadano\/wp-content\/uploads\/2025\/10\/RRSS-SAB-1-MERCADILLO-TRADICIONAL-5-4.jpg 1080w, https:\/\/www.artenara.es\/portal-ciudadano\/wp-content\/uploads\/2025\/10\/RRSS-SAB-1-MERCADILLO-TRADICIONAL-5-4-240x300.jpg 240w, https:\/\/www.artenara.es\/portal-ciudadano\/wp-content\/uploads\/2025\/10\/RRSS-SAB-1-MERCADILLO-TRADICIONAL-5-4-819x1024.jpg 819w, https:\/\/www.artenara.es\/portal-ciudadano\/wp-content\/uploads\/2025\/10\/RRSS-SAB-1-MERCADILLO-TRADICIONAL-5-4-864x1080.jpg 864w, https:\/\/www.artenara.es\/portal-ciudadano\/wp-content\/uploads\/2025\/10\/RRSS-SAB-1-MERCADILLO-TRADICIONAL-5-4-768x960.jpg 768w, https:\/\/www.artenara.es\/portal-ciudadano\/wp-content\/uploads\/2025\/10\/RRSS-SAB-1-MERCADILLO-TRADICIONAL-5-4-418x523.jpg 418w\" sizes=\"(max-width: 1080px) 100vw, 1080px\" \/>\t\t\t\t\t\t\t\t<\/a>\n\t\t\t\t\t\t\t\t\t\t\t<\/div>\n\t\t\t\t<\/div>\n\t\t\t\t<\/div>\n\t\t\t\t<div class=\"elementor-element elementor-element-1bc2e61 elementor-widget elementor-widget-image\" data-id=\"1bc2e61\" data-element_type=\"widget\" data-widget_type=\"image.default\">\n\t\t\t\t<div class=\"elementor-widget-container\">\n\t\t\t\t\t<div class=\"elementor-image\">\n\t\t\t\t\t\t\t\t\t\t\t<a href=\"https:\/\/www.artenara.es\/portal-ciudadano\/wp-content\/uploads\/2025\/10\/RRSS-SAB-1-MERCADILLO-TRADICIONAL-5-2.jpg\" data-elementor-open-lightbox=\"yes\" data-elementor-lightbox-title=\"RRSS SAB 1 MERCADILLO TRADICIONAL 5 (2)\">\n\t\t\t\t\t\t\t<img width=\"1080\" height=\"1350\" src=\"https:\/\/www.artenara.es\/portal-ciudadano\/wp-content\/uploads\/2025\/10\/RRSS-SAB-1-MERCADILLO-TRADICIONAL-5-2.jpg\" class=\"attachment-full size-full\" alt=\"\" loading=\"lazy\" srcset=\"https:\/\/www.artenara.es\/portal-ciudadano\/wp-content\/uploads\/2025\/10\/RRSS-SAB-1-MERCADILLO-TRADICIONAL-5-2.jpg 1080w, https:\/\/www.artenara.es\/portal-ciudadano\/wp-content\/uploads\/2025\/10\/RRSS-SAB-1-MERCADILLO-TRADICIONAL-5-2-240x300.jpg 240w, https:\/\/www.artenara.es\/portal-ciudadano\/wp-content\/uploads\/2025\/10\/RRSS-SAB-1-MERCADILLO-TRADICIONAL-5-2-819x1024.jpg 819w, https:\/\/www.artenara.es\/portal-ciudadano\/wp-content\/uploads\/2025\/10\/RRSS-SAB-1-MERCADILLO-TRADICIONAL-5-2-864x1080.jpg 864w, https:\/\/www.artenara.es\/portal-ciudadano\/wp-content\/uploads\/2025\/10\/RRSS-SAB-1-MERCADILLO-TRADICIONAL-5-2-768x960.jpg 768w, https:\/\/www.artenara.es\/portal-ciudadano\/wp-content\/uploads\/2025\/10\/RRSS-SAB-1-MERCADILLO-TRADICIONAL-5-2-418x523.jpg 418w\" sizes=\"(max-width: 1080px) 100vw, 1080px\" \/>\t\t\t\t\t\t\t\t<\/a>\n\t\t\t\t\t\t\t\t\t\t\t<\/div>\n\t\t\t\t<\/div>\n\t\t\t\t<\/div>\n\t\t\t\t<div class=\"elementor-element elementor-element-0eb0e1c elementor-widget elementor-widget-image\" data-id=\"0eb0e1c\" data-element_type=\"widget\" data-widget_type=\"image.default\">\n\t\t\t\t<div class=\"elementor-widget-container\">\n\t\t\t\t\t<div class=\"elementor-image\">\n\t\t\t\t\t\t\t\t\t\t\t<a href=\"https:\/\/www.artenara.es\/portal-ciudadano\/wp-content\/uploads\/2025\/10\/RRSS-SAB-1-MERCADILLO-TRADICIONAL-6-2.jpg\" data-elementor-open-lightbox=\"yes\" data-elementor-lightbox-title=\"RRSS SAB 1 MERCADILLO TRADICIONAL 6 (2)\">\n\t\t\t\t\t\t\t<img width=\"1080\" height=\"1350\" src=\"https:\/\/www.artenara.es\/portal-ciudadano\/wp-content\/uploads\/2025\/10\/RRSS-SAB-1-MERCADILLO-TRADICIONAL-6-2.jpg\" class=\"attachment-full size-full\" alt=\"\" loading=\"lazy\" srcset=\"https:\/\/www.artenara.es\/portal-ciudadano\/wp-content\/uploads\/2025\/10\/RRSS-SAB-1-MERCADILLO-TRADICIONAL-6-2.jpg 1080w, https:\/\/www.artenara.es\/portal-ciudadano\/wp-content\/uploads\/2025\/10\/RRSS-SAB-1-MERCADILLO-TRADICIONAL-6-2-240x300.jpg 240w, https:\/\/www.artenara.es\/portal-ciudadano\/wp-content\/uploads\/2025\/10\/RRSS-SAB-1-MERCADILLO-TRADICIONAL-6-2-819x1024.jpg 819w, https:\/\/www.artenara.es\/portal-ciudadano\/wp-content\/uploads\/2025\/10\/RRSS-SAB-1-MERCADILLO-TRADICIONAL-6-2-864x1080.jpg 864w, https:\/\/www.artenara.es\/portal-ciudadano\/wp-content\/uploads\/2025\/10\/RRSS-SAB-1-MERCADILLO-TRADICIONAL-6-2-768x960.jpg 768w, https:\/\/www.artenara.es\/portal-ciudadano\/wp-content\/uploads\/2025\/10\/RRSS-SAB-1-MERCADILLO-TRADICIONAL-6-2-418x523.jpg 418w\" sizes=\"(max-width: 1080px) 100vw, 1080px\" \/>\t\t\t\t\t\t\t\t<\/a>\n\t\t\t\t\t\t\t\t\t\t\t<\/div>\n\t\t\t\t<\/div>\n\t\t\t\t<\/div>\n\t\t\t\t\t\t<\/div>\n\t\t\t<\/div>\n\t\t<\/div>\n\t\t\t\t\t\t<\/div>\n\t\t\t<\/div>\n\t\t<\/section>\n\t\t\t\t<div class=\"elementor-element elementor-element-0b4e018 elementor-widget elementor-widget-alert\" data-id=\"0b4e018\" data-element_type=\"widget\" data-widget_type=\"alert.default\">\n\t\t\t\t<div class=\"elementor-widget-container\">\n\t\t\t\t\t<div class=\"elementor-alert elementor-alert-warning\" role=\"alert\">\n\t\t\t<span class=\"elementor-alert-title\">\u00a1M\u00e1s Informaci\u00f3n!<\/span>\n\t\t\t\t\t\t\t<span class=\"elementor-alert-description\">Dir\u00edgete a la Oficina de Desarrollo Local de Artenara<\/span>\n\t\t\t\t\t\t\t\t<\/div>\n\t\t\t\t<\/div>\n\t\t\t\t<\/div>\n\t\t\t\t\t\t<\/div>\n\t\t\t<\/div>\n\t\t<\/div>\n\t\t\t\t<div class=\"elementor-element elementor-element-c5d1076 elementor-hidden-phone elementor-column elementor-col-50 elementor-top-column\" data-id=\"c5d1076\" data-element_type=\"column\">\n\t\t\t<div class=\"elementor-column-wrap  elementor-element-populated\">\n\t\t\t\t\t<div class=\"elementor-widget-wrap\">\n\t\t\t\t<div class=\"elementor-element elementor-element-eeb3a6f elementor-widget elementor-widget-wp-widget-careex-elementor-template-widget\" data-id=\"eeb3a6f\" data-element_type=\"widget\" data-widget_type=\"wp-widget-careex-elementor-template-widget.default\">\n\t\t\t\t<div class=\"elementor-widget-container\">\n\t\t\t\t\t<div data-elementor-type=\"page\" data-elementor-id=\"9148\" class=\"elementor elementor-9148\" data-elementor-settings=\"[]\">\n\t\t\t<div class=\"elementor-inner\">\n\t\t\t\t<div class=\"elementor-section-wrap\">\n\t\t\t\t\t\t\t<section class=\"elementor-element elementor-element-023561a elementor-section-boxed elementor-section-height-default elementor-section-height-default elementor-section elementor-top-section\" data-id=\"023561a\" data-element_type=\"section\" data-settings=\"{&quot;_ha_eqh_enable&quot;:false,&quot;ekit_has_onepagescroll_dot&quot;:&quot;yes&quot;}\">\n\t\t\t\t\t\t<div class=\"elementor-container elementor-column-gap-default\">\n\t\t\t\t<div class=\"elementor-row\">\n\t\t\t\t<div class=\"elementor-element elementor-element-aa50ad7 elementor-column elementor-col-100 elementor-top-column\" data-id=\"aa50ad7\" data-element_type=\"column\">\n\t\t\t<div class=\"elementor-column-wrap  elementor-element-populated\">\n\t\t\t\t\t<div class=\"elementor-widget-wrap\">\n\t\t\t\t<div class=\"elementor-element elementor-element-34f2855 elementor-widget elementor-widget-image\" data-id=\"34f2855\" data-element_type=\"widget\" data-widget_type=\"image.default\">\n\t\t\t\t<div class=\"elementor-widget-container\">\n\t\t\t\t\t<div class=\"elementor-image\">\n\t\t\t\t\t\t\t\t\t\t\t<a href=\"https:\/\/artenara.sedelectronica.es\/info.0\">\n\t\t\t\t\t\t\t<img width=\"481\" height=\"138\" src=\"https:\/\/www.artenara.es\/portal-ciudadano\/wp-content\/uploads\/2020\/07\/principal-11.jpg\" class=\"attachment-full size-full\" alt=\"\" loading=\"lazy\" srcset=\"https:\/\/www.artenara.es\/portal-ciudadano\/wp-content\/uploads\/2020\/07\/principal-11.jpg 481w, https:\/\/www.artenara.es\/portal-ciudadano\/wp-content\/uploads\/2020\/07\/principal-11-300x86.jpg 300w, https:\/\/www.artenara.es\/portal-ciudadano\/wp-content\/uploads\/2020\/07\/principal-11-418x120.jpg 418w\" sizes=\"(max-width: 481px) 100vw, 481px\" \/>\t\t\t\t\t\t\t\t<\/a>\n\t\t\t\t\t\t\t\t\t\t\t<\/div>\n\t\t\t\t<\/div>\n\t\t\t\t<\/div>\n\t\t\t\t<div class=\"elementor-element elementor-element-e8d6f8e elementor-widget elementor-widget-image\" data-id=\"e8d6f8e\" data-element_type=\"widget\" data-widget_type=\"image.default\">\n\t\t\t\t<div class=\"elementor-widget-container\">\n\t\t\t\t\t<div class=\"elementor-image\">\n\t\t\t\t\t\t\t\t\t\t\t<a href=\"https:\/\/certificados.artenara.es\">\n\t\t\t\t\t\t\t<img width=\"481\" height=\"137\" src=\"https:\/\/www.artenara.es\/portal-ciudadano\/wp-content\/uploads\/2020\/07\/principal-12.jpg\" class=\"attachment-full size-full\" alt=\"\" loading=\"lazy\" srcset=\"https:\/\/www.artenara.es\/portal-ciudadano\/wp-content\/uploads\/2020\/07\/principal-12.jpg 481w, https:\/\/www.artenara.es\/portal-ciudadano\/wp-content\/uploads\/2020\/07\/principal-12-300x85.jpg 300w, https:\/\/www.artenara.es\/portal-ciudadano\/wp-content\/uploads\/2020\/07\/principal-12-418x119.jpg 418w\" sizes=\"(max-width: 481px) 100vw, 481px\" \/>\t\t\t\t\t\t\t\t<\/a>\n\t\t\t\t\t\t\t\t\t\t\t<\/div>\n\t\t\t\t<\/div>\n\t\t\t\t<\/div>\n\t\t\t\t<div class=\"elementor-element elementor-element-e503f87 elementor-hidden-desktop elementor-hidden-tablet elementor-hidden-phone elementor-widget elementor-widget-image\" data-id=\"e503f87\" data-element_type=\"widget\" data-widget_type=\"image.default\">\n\t\t\t\t<div class=\"elementor-widget-container\">\n\t\t\t\t\t<div class=\"elementor-image\">\n\t\t\t\t\t\t\t\t\t\t\t<a href=\"https:\/\/artenara.sedelectronica.es\/contractor-profile-list\">\n\t\t\t\t\t\t\t<img width=\"481\" height=\"138\" src=\"https:\/\/www.artenara.es\/portal-ciudadano\/wp-content\/uploads\/2020\/07\/principal-13.jpg\" class=\"attachment-full size-full\" alt=\"\" loading=\"lazy\" srcset=\"https:\/\/www.artenara.es\/portal-ciudadano\/wp-content\/uploads\/2020\/07\/principal-13.jpg 481w, https:\/\/www.artenara.es\/portal-ciudadano\/wp-content\/uploads\/2020\/07\/principal-13-300x86.jpg 300w, https:\/\/www.artenara.es\/portal-ciudadano\/wp-content\/uploads\/2020\/07\/principal-13-418x120.jpg 418w\" sizes=\"(max-width: 481px) 100vw, 481px\" \/>\t\t\t\t\t\t\t\t<\/a>\n\t\t\t\t\t\t\t\t\t\t\t<\/div>\n\t\t\t\t<\/div>\n\t\t\t\t<\/div>\n\t\t\t\t<section class=\"elementor-element elementor-element-3d611e6 elementor-section-boxed elementor-section-height-default elementor-section-height-default elementor-section elementor-inner-section\" data-id=\"3d611e6\" data-element_type=\"section\" data-settings=\"{&quot;_ha_eqh_enable&quot;:false,&quot;ekit_has_onepagescroll_dot&quot;:&quot;yes&quot;}\">\n\t\t\t\t\t\t<div class=\"elementor-container elementor-column-gap-no\">\n\t\t\t\t<div class=\"elementor-row\">\n\t\t\t\t<div class=\"elementor-element elementor-element-6a99516 elementor-column elementor-col-50 elementor-inner-column\" data-id=\"6a99516\" data-element_type=\"column\">\n\t\t\t<div class=\"elementor-column-wrap  elementor-element-populated\">\n\t\t\t\t\t<div class=\"elementor-widget-wrap\">\n\t\t\t\t<div class=\"elementor-element elementor-element-c3b6b52 elementor-widget elementor-widget-image\" data-id=\"c3b6b52\" data-element_type=\"widget\" data-widget_type=\"image.default\">\n\t\t\t\t<div class=\"elementor-widget-container\">\n\t\t\t\t\t<div class=\"elementor-image\">\n\t\t\t\t\t\t\t\t\t\t\t<a href=\"https:\/\/artenara.sedelectronica.es\/transparency\">\n\t\t\t\t\t\t\t<img width=\"201\" height=\"216\" src=\"https:\/\/www.artenara.es\/portal-ciudadano\/wp-content\/uploads\/2016\/06\/cajas-14.jpg\" class=\"attachment-full size-full\" alt=\"\" loading=\"lazy\" srcset=\"https:\/\/www.artenara.es\/portal-ciudadano\/wp-content\/uploads\/2016\/06\/cajas-14.jpg 201w, https:\/\/www.artenara.es\/portal-ciudadano\/wp-content\/uploads\/2016\/06\/cajas-14-190x203.jpg 190w\" sizes=\"(max-width: 201px) 100vw, 201px\" \/>\t\t\t\t\t\t\t\t<\/a>\n\t\t\t\t\t\t\t\t\t\t\t<\/div>\n\t\t\t\t<\/div>\n\t\t\t\t<\/div>\n\t\t\t\t\t\t<\/div>\n\t\t\t<\/div>\n\t\t<\/div>\n\t\t\t\t<div class=\"elementor-element elementor-element-845d965 elementor-column elementor-col-50 elementor-inner-column\" data-id=\"845d965\" data-element_type=\"column\">\n\t\t\t<div class=\"elementor-column-wrap  elementor-element-populated\">\n\t\t\t\t\t<div class=\"elementor-widget-wrap\">\n\t\t\t\t<div class=\"elementor-element elementor-element-11ffeca elementor-widget elementor-widget-image\" data-id=\"11ffeca\" data-element_type=\"widget\" data-widget_type=\"image.default\">\n\t\t\t\t<div class=\"elementor-widget-container\">\n\t\t\t\t\t<div class=\"elementor-image\">\n\t\t\t\t\t\t\t\t\t\t\t<a href=\"https:\/\/artenara.es\/portal-ciudadano\/informacion-catastral\/\">\n\t\t\t\t\t\t\t<img width=\"201\" height=\"216\" src=\"https:\/\/www.artenara.es\/portal-ciudadano\/wp-content\/uploads\/2016\/06\/cajas-15.jpg\" class=\"attachment-large size-large\" alt=\"\" loading=\"lazy\" srcset=\"https:\/\/www.artenara.es\/portal-ciudadano\/wp-content\/uploads\/2016\/06\/cajas-15.jpg 201w, https:\/\/www.artenara.es\/portal-ciudadano\/wp-content\/uploads\/2016\/06\/cajas-15-190x203.jpg 190w\" sizes=\"(max-width: 201px) 100vw, 201px\" \/>\t\t\t\t\t\t\t\t<\/a>\n\t\t\t\t\t\t\t\t\t\t\t<\/div>\n\t\t\t\t<\/div>\n\t\t\t\t<\/div>\n\t\t\t\t\t\t<\/div>\n\t\t\t<\/div>\n\t\t<\/div>\n\t\t\t\t\t\t<\/div>\n\t\t\t<\/div>\n\t\t<\/section>\n\t\t\t\t<section class=\"elementor-element elementor-element-66c40fe elementor-section-boxed elementor-section-height-default elementor-section-height-default elementor-section elementor-inner-section\" data-id=\"66c40fe\" data-element_type=\"section\" data-settings=\"{&quot;_ha_eqh_enable&quot;:false,&quot;ekit_has_onepagescroll_dot&quot;:&quot;yes&quot;}\">\n\t\t\t\t\t\t<div class=\"elementor-container elementor-column-gap-no\">\n\t\t\t\t<div class=\"elementor-row\">\n\t\t\t\t<div class=\"elementor-element elementor-element-dec3b95 elementor-column elementor-col-50 elementor-inner-column\" data-id=\"dec3b95\" data-element_type=\"column\">\n\t\t\t<div class=\"elementor-column-wrap  elementor-element-populated\">\n\t\t\t\t\t<div class=\"elementor-widget-wrap\">\n\t\t\t\t<div class=\"elementor-element elementor-element-6eb123a elementor-widget elementor-widget-image\" data-id=\"6eb123a\" data-element_type=\"widget\" data-widget_type=\"image.default\">\n\t\t\t\t<div class=\"elementor-widget-container\">\n\t\t\t\t\t<div class=\"elementor-image\">\n\t\t\t\t\t\t\t\t\t\t\t<a href=\"http:\/\/dalaalarma.com\/\">\n\t\t\t\t\t\t\t<img width=\"201\" height=\"216\" src=\"https:\/\/www.artenara.es\/portal-ciudadano\/wp-content\/uploads\/2016\/06\/cajas-16.jpg\" class=\"attachment-full size-full\" alt=\"\" loading=\"lazy\" srcset=\"https:\/\/www.artenara.es\/portal-ciudadano\/wp-content\/uploads\/2016\/06\/cajas-16.jpg 201w, https:\/\/www.artenara.es\/portal-ciudadano\/wp-content\/uploads\/2016\/06\/cajas-16-190x203.jpg 190w\" sizes=\"(max-width: 201px) 100vw, 201px\" \/>\t\t\t\t\t\t\t\t<\/a>\n\t\t\t\t\t\t\t\t\t\t\t<\/div>\n\t\t\t\t<\/div>\n\t\t\t\t<\/div>\n\t\t\t\t\t\t<\/div>\n\t\t\t<\/div>\n\t\t<\/div>\n\t\t\t\t<div class=\"elementor-element elementor-element-362cb90 elementor-column elementor-col-50 elementor-inner-column\" data-id=\"362cb90\" data-element_type=\"column\">\n\t\t\t<div class=\"elementor-column-wrap  elementor-element-populated\">\n\t\t\t\t\t<div class=\"elementor-widget-wrap\">\n\t\t\t\t<div class=\"elementor-element elementor-element-974dab9 elementor-widget elementor-widget-image\" data-id=\"974dab9\" data-element_type=\"widget\" data-widget_type=\"image.default\">\n\t\t\t\t<div class=\"elementor-widget-container\">\n\t\t\t\t\t<div class=\"elementor-image\">\n\t\t\t\t\t\t\t\t\t\t\t<a href=\"https:\/\/leales.org\/search\/provincia,Las%20Palmas%20-%20Gran%20Canaria\/iOrderType,desc\">\n\t\t\t\t\t\t\t<img width=\"201\" height=\"216\" src=\"https:\/\/www.artenara.es\/portal-ciudadano\/wp-content\/uploads\/2016\/06\/cajas-17.jpg\" class=\"attachment-full size-full\" alt=\"\" loading=\"lazy\" srcset=\"https:\/\/www.artenara.es\/portal-ciudadano\/wp-content\/uploads\/2016\/06\/cajas-17.jpg 201w, https:\/\/www.artenara.es\/portal-ciudadano\/wp-content\/uploads\/2016\/06\/cajas-17-190x203.jpg 190w\" sizes=\"(max-width: 201px) 100vw, 201px\" \/>\t\t\t\t\t\t\t\t<\/a>\n\t\t\t\t\t\t\t\t\t\t\t<\/div>\n\t\t\t\t<\/div>\n\t\t\t\t<\/div>\n\t\t\t\t\t\t<\/div>\n\t\t\t<\/div>\n\t\t<\/div>\n\t\t\t\t\t\t<\/div>\n\t\t\t<\/div>\n\t\t<\/section>\n\t\t\t\t<div class=\"elementor-element elementor-element-809e504 elementor-widget elementor-widget-spacer\" data-id=\"809e504\" data-element_type=\"widget\" data-widget_type=\"spacer.default\">\n\t\t\t\t<div class=\"elementor-widget-container\">\n\t\t\t\t\t<div class=\"elementor-spacer\">\n\t\t\t<div class=\"elementor-spacer-inner\"><\/div>\n\t\t<\/div>\n\t\t\t\t<\/div>\n\t\t\t\t<\/div>\n\t\t\t\t<div class=\"elementor-element elementor-element-3544304 elementor-widget elementor-widget-image\" data-id=\"3544304\" data-element_type=\"widget\" data-widget_type=\"image.default\">\n\t\t\t\t<div class=\"elementor-widget-container\">\n\t\t\t\t\t<div class=\"elementor-image\">\n\t\t\t\t\t\t\t\t\t\t\t<a href=\"https:\/\/artenara.es\/portal-ciudadano\/contacto\/\">\n\t\t\t\t\t\t\t<img width=\"885\" height=\"158\" src=\"https:\/\/www.artenara.es\/portal-ciudadano\/wp-content\/uploads\/2020\/07\/buzon-20-1024x183.jpg\" class=\"attachment-large size-large\" alt=\"\" loading=\"lazy\" srcset=\"https:\/\/www.artenara.es\/portal-ciudadano\/wp-content\/uploads\/2020\/07\/buzon-20-1024x183.jpg 1024w, https:\/\/www.artenara.es\/portal-ciudadano\/wp-content\/uploads\/2020\/07\/buzon-20-300x54.jpg 300w, https:\/\/www.artenara.es\/portal-ciudadano\/wp-content\/uploads\/2020\/07\/buzon-20-768x137.jpg 768w, https:\/\/www.artenara.es\/portal-ciudadano\/wp-content\/uploads\/2020\/07\/buzon-20-418x75.jpg 418w, https:\/\/www.artenara.es\/portal-ciudadano\/wp-content\/uploads\/2020\/07\/buzon-20.jpg 1361w\" sizes=\"(max-width: 885px) 100vw, 885px\" \/>\t\t\t\t\t\t\t\t<\/a>\n\t\t\t\t\t\t\t\t\t\t\t<\/div>\n\t\t\t\t<\/div>\n\t\t\t\t<\/div>\n\t\t\t\t<div class=\"elementor-element elementor-element-1be2175 elementor-widget elementor-widget-wp-widget-awesomeweatherwidget\" data-id=\"1be2175\" data-element_type=\"widget\" data-widget_type=\"wp-widget-awesomeweatherwidget.default\">\n\t\t\t\t<div class=\"elementor-widget-container\">\n\t\t\t<div id=\"awe-ajax-awesome-weather-artenara\" class=\"awe-ajax-awesome-weather-artenara awe-weather-ajax-wrap\" style=\"\"><div class=\"awe-loading\"><i class=\"wi wi-day-sunny\"><\/i><\/div><\/div><script type=\"text\/javascript\"> jQuery(document).ready(function() { awe_ajax_load({\"id\":\"awesome-weather-artenara\",\"locale\":\"\",\"location\":\"Artenara\",\"owm_city_id\":\"\",\"override_title\":\"\",\"size\":\"wide\",\"units\":\"C\",\"forecast_days\":\"3\",\"hide_stats\":0,\"show_link\":1,\"background\":\"\",\"custom_bg_color\":\"\",\"use_user_location\":0,\"allow_user_to_change\":0,\"show_icons\":1,\"extended_url\":\"\",\"extended_text\":\"\",\"background_by_weather\":0,\"text_color\":\"#ffffff\",\"hide_attribution\":1,\"skip_geolocate\":0,\"latlng\":\"\",\"ajaxurl\":\"https:\\\/\\\/www.artenara.es\\\/portal-ciudadano\\\/wp-admin\\\/admin-ajax.php\",\"via_ajax\":1}); }); <\/script>\t\t<\/div>\n\t\t\t\t<\/div>\n\t\t\t\t<div class=\"elementor-element elementor-element-1ff04c6 elementor-widget elementor-widget-wp-widget-booked_calendar\" data-id=\"1ff04c6\" data-element_type=\"widget\" data-widget_type=\"wp-widget-booked_calendar.default\">\n\t\t\t\t<div class=\"elementor-widget-container\">\n\t\t\t<div class=\"booked-calendar-shortcode-wrap\"><div class=\"booked-calendar-wrap small\"><table class=\"booked-calendar\" data-calendar-date=\"2026-05-01\">\n\t\t<thead>\n\n\t\t\t\n\t\t\t<tr>\n\t\t\t\t<th colspan=\"7\">\n\t\t\t\t\t\t\t\t\t\t<span class=\"calendarSavingState\">\n\t\t\t\t\t\t<i class=\"booked-icon booked-icon-spinner-clock booked-icon-spin\"><\/i>\n\t\t\t\t\t<\/span>\n\t\t\t\t\t<span class=\"monthName\">\n\t\t\t\t\t\tmayo 2026\t\t\t\t\t\t\t\t\t\t\t<\/span>\n\t\t\t\t\t<a href=\"#\" data-goto=\"2026-06-01\" class=\"page-right\"><i class=\"booked-icon booked-icon-arrow-right\"><\/i><\/a>\t\t\t\t<\/th>\n\t\t\t<\/tr>\n\t\t\t<tr class=\"days\">\n\t\t\t\t\t\t\t\t<th>Lun<\/th>\n\t\t\t\t<th>Mar<\/th>\n\t\t\t\t<th>Mi\u00e9<\/th>\n\t\t\t\t<th>Jue<\/th>\n\t\t\t\t<th>Vie<\/th>\n\t\t\t\t<th>S\u00e1b<\/th>\t\t\t\t<th>Dom<\/th>\t\t\t<\/tr>\n\t\t<\/thead>\n\t\t<tbody><tr class=\"week\"><td data-date=\"2026-04-27\" class=\"prev-month prev-date\"><span class=\"date\"><span class=\"number\">27<\/span><\/span><\/td><td data-date=\"2026-04-28\" class=\"prev-month prev-date\"><span class=\"date\"><span class=\"number\">28<\/span><\/span><\/td><td data-date=\"2026-04-29\" class=\"prev-month prev-date\"><span class=\"date\"><span class=\"number\">29<\/span><\/span><\/td><td data-date=\"2026-04-30\" class=\"prev-month prev-date\"><span class=\"date\"><span class=\"number\">30<\/span><\/span><\/td><td data-date=\"2026-05-1\" class=\"today prev-date\"><span class=\"date\"><span class=\"number\">1<\/span><\/span><\/td><td data-date=\"2026-05-2\" class=\"prev-date\"><span class=\"date\"><span class=\"number\">2<\/span><\/span><\/td><td data-date=\"2026-05-3\" class=\"prev-date\"><span class=\"date\"><span class=\"number\">3<\/span><\/span><\/td><\/tr><tr class=\"week\"><td data-date=\"2026-05-4\" class=\"prev-date\"><span class=\"date\"><span class=\"number\">4<\/span><\/span><\/td><td data-date=\"2026-05-5\" class=\"prev-date\"><span class=\"date\"><span class=\"number\">5<\/span><\/span><\/td><td data-date=\"2026-05-6\" class=\"prev-date\"><span class=\"date\"><span class=\"number\">6<\/span><\/span><\/td><td data-date=\"2026-05-7\" class=\"prev-date\"><span class=\"date\"><span class=\"number\">7<\/span><\/span><\/td><td data-date=\"2026-05-8\" class=\"prev-date\"><span class=\"date\"><span class=\"number\">8<\/span><\/span><\/td><td data-date=\"2026-05-9\" class=\"prev-date\"><span class=\"date\"><span class=\"number\">9<\/span><\/span><\/td><td data-date=\"2026-05-10\" class=\"prev-date\"><span class=\"date\"><span class=\"number\">10<\/span><\/span><\/td><\/tr><tr class=\"week\"><td data-date=\"2026-05-11\" class=\"prev-date\"><span class=\"date\"><span class=\"number\">11<\/span><\/span><\/td><td data-date=\"2026-05-12\" class=\"prev-date\"><span class=\"date\"><span class=\"number\">12<\/span><\/span><\/td><td data-date=\"2026-05-13\" class=\"prev-date\"><span class=\"date\"><span class=\"number\">13<\/span><\/span><\/td><td data-date=\"2026-05-14\" class=\"prev-date\"><span class=\"date\"><span class=\"number\">14<\/span><\/span><\/td><td data-date=\"2026-05-15\" class=\"prev-date\"><span class=\"date\"><span class=\"number\">15<\/span><\/span><\/td><td data-date=\"2026-05-16\" class=\"prev-date\"><span class=\"date\"><span class=\"number\">16<\/span><\/span><\/td><td data-date=\"2026-05-17\" class=\"prev-date\"><span class=\"date\"><span class=\"number\">17<\/span><\/span><\/td><\/tr><tr class=\"week\"><td data-date=\"2026-05-18\" class=\"prev-date\"><span class=\"date\"><span class=\"number\">18<\/span><\/span><\/td><td data-date=\"2026-05-19\" class=\"prev-date\"><span class=\"date\"><span class=\"number\">19<\/span><\/span><\/td><td data-date=\"2026-05-20\" class=\"prev-date\"><span class=\"date\"><span class=\"number\">20<\/span><\/span><\/td><td data-date=\"2026-05-21\" class=\"prev-date\"><span class=\"date\"><span class=\"number\">21<\/span><\/span><\/td><td data-date=\"2026-05-22\" class=\"prev-date\"><span class=\"date\"><span class=\"number\">22<\/span><\/span><\/td><td data-date=\"2026-05-23\" class=\"prev-date\"><span class=\"date\"><span class=\"number\">23<\/span><\/span><\/td><td data-date=\"2026-05-24\" class=\"prev-date\"><span class=\"date\"><span class=\"number\">24<\/span><\/span><\/td><\/tr><tr class=\"week\"><td data-date=\"2026-05-25\" class=\"prev-date\"><span class=\"date\"><span class=\"number\">25<\/span><\/span><\/td><td data-date=\"2026-05-26\" class=\"prev-date\"><span class=\"date\"><span class=\"number\">26<\/span><\/span><\/td><td data-date=\"2026-05-27\" class=\"prev-date\"><span class=\"date\"><span class=\"number\">27<\/span><\/span><\/td><td data-date=\"2026-05-28\" class=\"prev-date\"><span class=\"date\"><span class=\"number\">28<\/span><\/span><\/td><td data-date=\"2026-05-29\" class=\"prev-date\"><span class=\"date\"><span class=\"number\">29<\/span><\/span><\/td><td data-date=\"2026-05-30\" class=\"prev-date\"><span class=\"date\"><span class=\"number\">30<\/span><\/span><\/td><td data-date=\"2026-05-31\" class=\"prev-date\"><span class=\"date\"><span class=\"number\">31<\/span><\/span><\/td><\/tr>\t\t<\/tbody>\n\t<\/table><\/div><\/div>\t\t<\/div>\n\t\t\t\t<\/div>\n\t\t\t\t\t\t<\/div>\n\t\t\t<\/div>\n\t\t<\/div>\n\t\t\t\t\t\t<\/div>\n\t\t\t<\/div>\n\t\t<\/section>\n\t\t\t\t<section class=\"elementor-element elementor-element-6774822 elementor-section-boxed elementor-section-height-default elementor-section-height-default elementor-section elementor-top-section\" data-id=\"6774822\" data-element_type=\"section\" data-settings=\"{&quot;_ha_eqh_enable&quot;:false,&quot;ekit_has_onepagescroll_dot&quot;:&quot;yes&quot;}\">\n\t\t\t\t\t\t<div class=\"elementor-container elementor-column-gap-default\">\n\t\t\t\t<div class=\"elementor-row\">\n\t\t\t\t<div class=\"elementor-element elementor-element-a1bf765 elementor-column elementor-col-100 elementor-top-column\" data-id=\"a1bf765\" data-element_type=\"column\">\n\t\t\t<div class=\"elementor-column-wrap  elementor-element-populated\">\n\t\t\t\t\t<div class=\"elementor-widget-wrap\">\n\t\t\t\t<div class=\"elementor-element elementor-element-4546121 elementor-widget elementor-widget-image\" data-id=\"4546121\" data-element_type=\"widget\" data-widget_type=\"image.default\">\n\t\t\t\t<div class=\"elementor-widget-container\">\n\t\t\t\t\t<div class=\"elementor-image\">\n\t\t\t\t\t\t\t\t\t\t\t<a href=\"http:\/\/www.grancanariajoven.es\/\" target=\"_blank\">\n\t\t\t\t\t\t\t<img width=\"885\" height=\"259\" src=\"https:\/\/www.artenara.es\/portal-ciudadano\/wp-content\/uploads\/2021\/02\/juventud-cabildo.jpg\" class=\"attachment-large size-large\" alt=\"\" loading=\"lazy\" srcset=\"https:\/\/www.artenara.es\/portal-ciudadano\/wp-content\/uploads\/2021\/02\/juventud-cabildo.jpg 1024w, https:\/\/www.artenara.es\/portal-ciudadano\/wp-content\/uploads\/2021\/02\/juventud-cabildo-300x88.jpg 300w, https:\/\/www.artenara.es\/portal-ciudadano\/wp-content\/uploads\/2021\/02\/juventud-cabildo-768x225.jpg 768w, https:\/\/www.artenara.es\/portal-ciudadano\/wp-content\/uploads\/2021\/02\/juventud-cabildo-418x122.jpg 418w\" sizes=\"(max-width: 885px) 100vw, 885px\" \/>\t\t\t\t\t\t\t\t<\/a>\n\t\t\t\t\t\t\t\t\t\t\t<\/div>\n\t\t\t\t<\/div>\n\t\t\t\t<\/div>\n\t\t\t\t\t\t<\/div>\n\t\t\t<\/div>\n\t\t<\/div>\n\t\t\t\t\t\t<\/div>\n\t\t\t<\/div>\n\t\t<\/section>\n\t\t\t\t<section class=\"elementor-element elementor-element-e037425 elementor-section-boxed elementor-section-height-default elementor-section-height-default elementor-section elementor-top-section\" data-id=\"e037425\" data-element_type=\"section\" data-settings=\"{&quot;_ha_eqh_enable&quot;:false,&quot;ekit_has_onepagescroll_dot&quot;:&quot;yes&quot;}\">\n\t\t\t\t\t\t<div class=\"elementor-container elementor-column-gap-default\">\n\t\t\t\t<div class=\"elementor-row\">\n\t\t\t\t<div class=\"elementor-element elementor-element-fc53516 elementor-column elementor-col-100 elementor-top-column\" data-id=\"fc53516\" data-element_type=\"column\">\n\t\t\t<div class=\"elementor-column-wrap  elementor-element-populated\">\n\t\t\t\t\t<div class=\"elementor-widget-wrap\">\n\t\t\t\t<div class=\"elementor-element elementor-element-6596c2f elementor-widget elementor-widget-image\" data-id=\"6596c2f\" data-element_type=\"widget\" data-widget_type=\"image.default\">\n\t\t\t\t<div class=\"elementor-widget-container\">\n\t\t\t\t\t<div class=\"elementor-image\">\n\t\t\t\t\t\t\t\t\t\t\t<a href=\"http:\/\/www.juventudcanaria.com\/\" target=\"_blank\">\n\t\t\t\t\t\t\t<img width=\"885\" height=\"259\" src=\"https:\/\/www.artenara.es\/portal-ciudadano\/wp-content\/uploads\/2021\/02\/juventud-gobierno.jpg\" class=\"attachment-large size-large\" alt=\"\" loading=\"lazy\" srcset=\"https:\/\/www.artenara.es\/portal-ciudadano\/wp-content\/uploads\/2021\/02\/juventud-gobierno.jpg 1024w, https:\/\/www.artenara.es\/portal-ciudadano\/wp-content\/uploads\/2021\/02\/juventud-gobierno-300x88.jpg 300w, https:\/\/www.artenara.es\/portal-ciudadano\/wp-content\/uploads\/2021\/02\/juventud-gobierno-768x225.jpg 768w, https:\/\/www.artenara.es\/portal-ciudadano\/wp-content\/uploads\/2021\/02\/juventud-gobierno-418x122.jpg 418w\" sizes=\"(max-width: 885px) 100vw, 885px\" \/>\t\t\t\t\t\t\t\t<\/a>\n\t\t\t\t\t\t\t\t\t\t\t<\/div>\n\t\t\t\t<\/div>\n\t\t\t\t<\/div>\n\t\t\t\t\t\t<\/div>\n\t\t\t<\/div>\n\t\t<\/div>\n\t\t\t\t\t\t<\/div>\n\t\t\t<\/div>\n\t\t<\/section>\n\t\t\t\t\t\t<\/div>\n\t\t\t<\/div>\n\t\t<\/div>\n\t\t\t\t<\/div>\n\t\t\t\t<\/div>\n\t\t\t\t\t\t<\/div>\n\t\t\t<\/div>\n\t\t<\/div>\n\t\t\t\t\t\t<\/div>\n\t\t\t<\/div>\n\t\t<\/section>\n\t\t\t\t\t\t<\/div>\n\t\t\t<\/div>\n\t\t<\/div>\n\t\t","protected":false},"excerpt":{"rendered":"<p>Llega la Mercadillo Tradicional de Artenara el pr\u00f3ximo S\u00e1bado 1 de Noviembre. Tendremos un mercadillo, castillos hinchables y pintacaras infantiles, artesan\u00eda y conciertos de Debelingo y Carmelo Torres. \u00a1TE ESPERAMOS! \u00a1M\u00e1s Informaci\u00f3n! Dir\u00edgete a la Oficina de Desarrollo Local de Artenara<\/p>\n","protected":false},"author":1,"featured_media":0,"parent":0,"menu_order":0,"comment_status":"closed","ping_status":"closed","template":"","meta":[],"_links":{"self":[{"href":"https:\/\/www.artenara.es\/portal-ciudadano\/wp-json\/wp\/v2\/pages\/14914"}],"collection":[{"href":"https:\/\/www.artenara.es\/portal-ciudadano\/wp-json\/wp\/v2\/pages"}],"about":[{"href":"https:\/\/www.artenara.es\/portal-ciudadano\/wp-json\/wp\/v2\/types\/page"}],"author":[{"embeddable":true,"href":"https:\/\/www.artenara.es\/portal-ciudadano\/wp-json\/wp\/v2\/users\/1"}],"replies":[{"embeddable":true,"href":"https:\/\/www.artenara.es\/portal-ciudadano\/wp-json\/wp\/v2\/comments?post=14914"}],"version-history":[{"count":9,"href":"https:\/\/www.artenara.es\/portal-ciudadano\/wp-json\/wp\/v2\/pages\/14914\/revisions"}],"predecessor-version":[{"id":14936,"href":"https:\/\/www.artenara.es\/portal-ciudadano\/wp-json\/wp\/v2\/pages\/14914\/revisions\/14936"}],"wp:attachment":[{"href":"https:\/\/www.artenara.es\/portal-ciudadano\/wp-json\/wp\/v2\/media?parent=14914"}],"curies":[{"name":"wp","href":"https:\/\/api.w.org\/{rel}","templated":true}]}}