{"id":16098,"date":"2026-07-17T15:01:41","date_gmt":"2026-07-17T15:01:41","guid":{"rendered":"https:\/\/www.artenara.es\/portal-ciudadano\/?page_id=16098"},"modified":"2026-09-01T10:43:49","modified_gmt":"2026-09-01T10:43:49","slug":"home","status":"publish","type":"page","link":"https:\/\/www.artenara.es\/portal-ciudadano\/","title":{"rendered":"Home"},"content":{"rendered":"\t\t<div data-elementor-type=\"wp-page\" data-elementor-id=\"16098\" class=\"elementor elementor-16098\" data-elementor-post-type=\"page\">\n\t\t\t\t\t\t<section class=\"elementor-section elementor-top-section elementor-element elementor-element-a7b2a97 elementor-section-boxed elementor-section-height-default elementor-section-height-default\" data-id=\"a7b2a97\" data-element_type=\"section\" data-e-type=\"section\">\n\t\t\t\t\t\t<div class=\"elementor-container elementor-column-gap-default\">\n\t\t\t\t\t<div class=\"elementor-column elementor-col-50 elementor-top-column elementor-element elementor-element-d9826c2\" data-id=\"d9826c2\" data-element_type=\"column\" data-e-type=\"column\">\n\t\t\t<div class=\"elementor-widget-wrap elementor-element-populated\">\n\t\t\t\t\t\t<div class=\"elementor-element elementor-element-746d117 elementor--h-position-center elementor--v-position-middle elementor-arrows-position-inside elementor-pagination-position-inside elementor-widget elementor-widget-slides\" data-id=\"746d117\" data-element_type=\"widget\" data-e-type=\"widget\" data-settings=\"{&quot;navigation&quot;:&quot;both&quot;,&quot;autoplay&quot;:&quot;yes&quot;,&quot;pause_on_hover&quot;:&quot;yes&quot;,&quot;pause_on_interaction&quot;:&quot;yes&quot;,&quot;autoplay_speed&quot;:5000,&quot;infinite&quot;:&quot;yes&quot;,&quot;transition&quot;:&quot;slide&quot;,&quot;transition_speed&quot;:500}\" data-widget_type=\"slides.default\">\n\t\t\t\t<div class=\"elementor-widget-container\">\n\t\t\t\t\t\t\t\t\t<div class=\"elementor-swiper\">\n\t\t\t\t\t<div class=\"elementor-slides-wrapper elementor-main-swiper swiper\" role=\"region\" aria-roledescription=\"carousel\" aria-label=\"Diapositivas\" dir=\"ltr\" data-animation=\"fadeInUp\">\n\t\t\t\t<div class=\"swiper-wrapper elementor-slides\">\n\t\t\t\t\t\t\t\t\t\t<div class=\"elementor-repeater-item-c1c0942 swiper-slide\" role=\"group\" aria-roledescription=\"slide\"><div class=\"swiper-slide-bg\" role=\"img\" aria-label=\"portada programa cuevita 2026\"><\/div><a class=\"swiper-slide-inner\" href=\"https:\/\/www.artenara.es\/portal-ciudadano\/noticias\/programa-de-las-fiestas-de-nuestra-senora-la-virgen-de-la-cuevita-2026\/\"><div class=\"swiper-slide-contents\"><\/div><\/a><\/div><div class=\"elementor-repeater-item-176aef3 swiper-slide\" role=\"group\" aria-roledescription=\"slide\"><div class=\"swiper-slide-bg\" role=\"img\" aria-label=\"cartel entrena empleo rural\"><\/div><div class=\"swiper-slide-inner\" ><div class=\"swiper-slide-contents\"><\/div><\/div><\/div><div class=\"elementor-repeater-item-a7565b0 swiper-slide\" role=\"group\" aria-roledescription=\"slide\"><div class=\"swiper-slide-bg\" role=\"img\" aria-label=\"pub sub presi cab gran 14-07-26\"><\/div><div class=\"swiper-slide-inner\" ><div class=\"swiper-slide-contents\"><\/div><\/div><\/div><div class=\"elementor-repeater-item-65f18d9 swiper-slide\" role=\"group\" aria-roledescription=\"slide\"><div class=\"swiper-slide-bg\" role=\"img\" aria-label=\"161850\"><\/div><div class=\"swiper-slide-inner\" ><div class=\"swiper-slide-contents\"><\/div><\/div><\/div><div class=\"elementor-repeater-item-1f3c0c1 swiper-slide\" role=\"group\" aria-roledescription=\"slide\"><div class=\"swiper-slide-bg\" role=\"img\" aria-label=\"cartel ayudas sociales 2026\"><\/div><div class=\"swiper-slide-inner\" ><div class=\"swiper-slide-contents\"><\/div><\/div><\/div><div class=\"elementor-repeater-item-dedd9df swiper-slide\" role=\"group\" aria-roledescription=\"slide\"><div class=\"swiper-slide-bg\" role=\"img\" aria-label=\"CARTEL CHIRINGUITOS CUEVITA 2026\"><\/div><div class=\"swiper-slide-inner\" ><div class=\"swiper-slide-contents\"><\/div><\/div><\/div>\t\t\t\t<\/div>\n\t\t\t\t\t\t\t\t\t\t\t\t\t\t\t<div class=\"elementor-swiper-button elementor-swiper-button-prev\" role=\"button\" tabindex=\"0\" aria-label=\"Diapositiva anterior\">\n\t\t\t\t\t\t\t<i aria-hidden=\"true\" class=\"eicon-chevron-left\"><\/i>\t\t\t\t\t\t<\/div>\n\t\t\t\t\t\t<div class=\"elementor-swiper-button elementor-swiper-button-next\" role=\"button\" tabindex=\"0\" aria-label=\"Diapositiva siguiente\">\n\t\t\t\t\t\t\t<i aria-hidden=\"true\" class=\"eicon-chevron-right\"><\/i>\t\t\t\t\t\t<\/div>\n\t\t\t\t\t\t\t\t\t\t\t\t\t\t\t\t<div class=\"swiper-pagination\"><\/div>\n\t\t\t\t\t\t\t\t\t\t\t\t<\/div>\n\t\t\t\t<\/div>\n\t\t\t\t\t\t\t\t<\/div>\n\t\t\t\t<\/div>\n\t\t\t\t\t<\/div>\n\t\t<\/div>\n\t\t\t\t<div class=\"elementor-column elementor-col-50 elementor-top-column elementor-element elementor-element-1fa43ab\" data-id=\"1fa43ab\" data-element_type=\"column\" data-e-type=\"column\">\n\t\t\t<div class=\"elementor-widget-wrap elementor-element-populated\">\n\t\t\t\t\t\t<section class=\"elementor-section elementor-inner-section elementor-element elementor-element-993a781 elementor-section-boxed elementor-section-height-default elementor-section-height-default\" data-id=\"993a781\" data-element_type=\"section\" data-e-type=\"section\">\n\t\t\t\t\t\t<div class=\"elementor-container elementor-column-gap-default\">\n\t\t\t\t\t<div class=\"elementor-column elementor-col-100 elementor-inner-column elementor-element elementor-element-59a22a3\" data-id=\"59a22a3\" data-element_type=\"column\" data-e-type=\"column\">\n\t\t\t<div class=\"elementor-widget-wrap elementor-element-populated\">\n\t\t\t\t\t\t<div class=\"elementor-element elementor-element-b3abaef elementor-widget elementor-widget-image\" data-id=\"b3abaef\" data-element_type=\"widget\" data-e-type=\"widget\" data-widget_type=\"image.default\">\n\t\t\t\t<div class=\"elementor-widget-container\">\n\t\t\t\t\t\t\t\t\t\t\t\t\t\t\t\t<a href=\"https:\/\/artenara.sedelectronica.es\/\">\n\t\t\t\t\t\t\t<img fetchpriority=\"high\" decoding=\"async\" width=\"481\" height=\"138\" src=\"https:\/\/www.artenara.es\/portal-ciudadano\/wp-content\/uploads\/2020\/07\/principal-11.jpg\" class=\"attachment-large size-large wp-image-7982\" alt=\"\" srcset=\"https:\/\/www.artenara.es\/portal-ciudadano\/wp-content\/uploads\/2020\/07\/principal-11.jpg 481w, https:\/\/www.artenara.es\/portal-ciudadano\/wp-content\/uploads\/2020\/07\/principal-11-300x86.jpg 300w, https:\/\/www.artenara.es\/portal-ciudadano\/wp-content\/uploads\/2020\/07\/principal-11-418x120.jpg 418w\" sizes=\"(max-width: 481px) 100vw, 481px\" \/>\t\t\t\t\t\t\t\t<\/a>\n\t\t\t\t\t\t\t\t\t\t\t\t\t\t\t<\/div>\n\t\t\t\t<\/div>\n\t\t\t\t\t<\/div>\n\t\t<\/div>\n\t\t\t\t\t<\/div>\n\t\t<\/section>\n\t\t\t\t<section class=\"elementor-section elementor-inner-section elementor-element elementor-element-43f8f78 elementor-section-boxed elementor-section-height-default elementor-section-height-default\" data-id=\"43f8f78\" data-element_type=\"section\" data-e-type=\"section\">\n\t\t\t\t\t\t<div class=\"elementor-container elementor-column-gap-default\">\n\t\t\t\t\t<div class=\"elementor-column elementor-col-100 elementor-inner-column elementor-element elementor-element-c9ba357\" data-id=\"c9ba357\" data-element_type=\"column\" data-e-type=\"column\">\n\t\t\t<div class=\"elementor-widget-wrap elementor-element-populated\">\n\t\t\t\t\t\t<div class=\"elementor-element elementor-element-13f84da elementor-widget elementor-widget-image\" data-id=\"13f84da\" data-element_type=\"widget\" data-e-type=\"widget\" data-widget_type=\"image.default\">\n\t\t\t\t<div class=\"elementor-widget-container\">\n\t\t\t\t\t\t\t\t\t\t\t\t\t\t\t\t<a href=\"https:\/\/certificados.artenara.es\/\">\n\t\t\t\t\t\t\t<img decoding=\"async\" width=\"481\" height=\"137\" src=\"https:\/\/www.artenara.es\/portal-ciudadano\/wp-content\/uploads\/2020\/07\/principal-12.jpg\" class=\"attachment-large size-large wp-image-7983\" alt=\"\" srcset=\"https:\/\/www.artenara.es\/portal-ciudadano\/wp-content\/uploads\/2020\/07\/principal-12.jpg 481w, https:\/\/www.artenara.es\/portal-ciudadano\/wp-content\/uploads\/2020\/07\/principal-12-300x85.jpg 300w, https:\/\/www.artenara.es\/portal-ciudadano\/wp-content\/uploads\/2020\/07\/principal-12-418x119.jpg 418w\" sizes=\"(max-width: 481px) 100vw, 481px\" \/>\t\t\t\t\t\t\t\t<\/a>\n\t\t\t\t\t\t\t\t\t\t\t\t\t\t\t<\/div>\n\t\t\t\t<\/div>\n\t\t\t\t\t<\/div>\n\t\t<\/div>\n\t\t\t\t\t<\/div>\n\t\t<\/section>\n\t\t\t\t<section class=\"elementor-section elementor-inner-section elementor-element elementor-element-ad4a9dc elementor-section-boxed elementor-section-height-default elementor-section-height-default\" data-id=\"ad4a9dc\" data-element_type=\"section\" data-e-type=\"section\">\n\t\t\t\t\t\t<div class=\"elementor-container elementor-column-gap-default\">\n\t\t\t\t\t<div class=\"elementor-column elementor-col-100 elementor-inner-column elementor-element elementor-element-20d9d09\" data-id=\"20d9d09\" data-element_type=\"column\" data-e-type=\"column\">\n\t\t\t<div class=\"elementor-widget-wrap elementor-element-populated\">\n\t\t\t\t\t\t<div class=\"elementor-element elementor-element-51511e0 elementor-widget elementor-widget-image\" data-id=\"51511e0\" data-element_type=\"widget\" data-e-type=\"widget\" data-widget_type=\"image.default\">\n\t\t\t\t<div class=\"elementor-widget-container\">\n\t\t\t\t\t\t\t\t\t\t\t\t\t\t\t\t<a href=\"https:\/\/artenara.cloudtransparencia.es\/\">\n\t\t\t\t\t\t\t<img decoding=\"async\" width=\"481\" height=\"137\" src=\"https:\/\/www.artenara.es\/portal-ciudadano\/wp-content\/uploads\/2020\/08\/principal-11-27.jpg\" class=\"attachment-large size-large wp-image-8676\" alt=\"\" srcset=\"https:\/\/www.artenara.es\/portal-ciudadano\/wp-content\/uploads\/2020\/08\/principal-11-27.jpg 481w, https:\/\/www.artenara.es\/portal-ciudadano\/wp-content\/uploads\/2020\/08\/principal-11-27-300x85.jpg 300w, https:\/\/www.artenara.es\/portal-ciudadano\/wp-content\/uploads\/2020\/08\/principal-11-27-418x119.jpg 418w\" sizes=\"(max-width: 481px) 100vw, 481px\" \/>\t\t\t\t\t\t\t\t<\/a>\n\t\t\t\t\t\t\t\t\t\t\t\t\t\t\t<\/div>\n\t\t\t\t<\/div>\n\t\t\t\t\t<\/div>\n\t\t<\/div>\n\t\t\t\t\t<\/div>\n\t\t<\/section>\n\t\t\t\t\t<\/div>\n\t\t<\/div>\n\t\t\t\t\t<\/div>\n\t\t<\/section>\n\t\t\t\t<section class=\"elementor-section elementor-top-section elementor-element elementor-element-be2ebff elementor-section-boxed elementor-section-height-default elementor-section-height-default\" data-id=\"be2ebff\" data-element_type=\"section\" data-e-type=\"section\">\n\t\t\t\t\t\t<div class=\"elementor-container elementor-column-gap-default\">\n\t\t\t\t\t<div class=\"elementor-column elementor-col-100 elementor-top-column elementor-element elementor-element-09c98bd\" data-id=\"09c98bd\" data-element_type=\"column\" data-e-type=\"column\">\n\t\t\t<div class=\"elementor-widget-wrap elementor-element-populated\">\n\t\t\t\t\t\t<div class=\"elementor-element elementor-element-fcebf48 elementor-widget-divider--view-line elementor-widget elementor-widget-divider\" data-id=\"fcebf48\" data-element_type=\"widget\" data-e-type=\"widget\" data-widget_type=\"divider.default\">\n\t\t\t\t<div class=\"elementor-widget-container\">\n\t\t\t\t\t\t\t<div class=\"elementor-divider\">\n\t\t\t<span class=\"elementor-divider-separator\">\n\t\t\t\t\t\t<\/span>\n\t\t<\/div>\n\t\t\t\t\t\t<\/div>\n\t\t\t\t<\/div>\n\t\t\t\t\t<\/div>\n\t\t<\/div>\n\t\t\t\t\t<\/div>\n\t\t<\/section>\n\t\t\t\t<section class=\"elementor-section elementor-top-section elementor-element elementor-element-dca39e9 elementor-section-boxed elementor-section-height-default elementor-section-height-default\" data-id=\"dca39e9\" data-element_type=\"section\" data-e-type=\"section\">\n\t\t\t\t\t\t<div class=\"elementor-container elementor-column-gap-default\">\n\t\t\t\t\t<div class=\"elementor-column elementor-col-66 elementor-top-column elementor-element elementor-element-c995d96\" data-id=\"c995d96\" data-element_type=\"column\" data-e-type=\"column\">\n\t\t\t<div class=\"elementor-widget-wrap elementor-element-populated\">\n\t\t\t\t\t\t<div class=\"elementor-element elementor-element-cdbc378 elementor-widget elementor-widget-heading\" data-id=\"cdbc378\" data-element_type=\"widget\" data-e-type=\"widget\" data-widget_type=\"heading.default\">\n\t\t\t\t<div class=\"elementor-widget-container\">\n\t\t\t\t\t<h2 class=\"elementor-heading-title elementor-size-default\">Noticias Destacadas<\/h2>\t\t\t\t<\/div>\n\t\t\t\t<\/div>\n\t\t\t\t<div class=\"elementor-element elementor-element-9dc2235 elementor-grid-3 elementor-grid-tablet-2 elementor-grid-mobile-1 elementor-posts--thumbnail-top elementor-widget elementor-widget-posts\" data-id=\"9dc2235\" data-element_type=\"widget\" data-e-type=\"widget\" data-settings=\"{&quot;classic_columns&quot;:&quot;3&quot;,&quot;classic_columns_tablet&quot;:&quot;2&quot;,&quot;classic_columns_mobile&quot;:&quot;1&quot;,&quot;classic_row_gap&quot;:{&quot;unit&quot;:&quot;px&quot;,&quot;size&quot;:35,&quot;sizes&quot;:[]},&quot;classic_row_gap_tablet&quot;:{&quot;unit&quot;:&quot;px&quot;,&quot;size&quot;:&quot;&quot;,&quot;sizes&quot;:[]},&quot;classic_row_gap_mobile&quot;:{&quot;unit&quot;:&quot;px&quot;,&quot;size&quot;:&quot;&quot;,&quot;sizes&quot;:[]}}\" data-widget_type=\"posts.classic\">\n\t\t\t\t<div class=\"elementor-widget-container\">\n\t\t\t\t\t\t\t<div class=\"elementor-posts-container elementor-posts elementor-posts--skin-classic elementor-grid\" role=\"list\">\n\t\t\t\t<article class=\"elementor-post elementor-grid-item post-16293 post type-post status-publish format-standard has-post-thumbnail hentry category-bandos-municipales category-noticias category-871\" role=\"listitem\">\n\t\t\t\t<a class=\"elementor-post__thumbnail__link\" href=\"https:\/\/www.artenara.es\/portal-ciudadano\/noticias\/bando-municipal-06-2026-ordenacion-trafico-fiesta-de-la-cuevita\/\" tabindex=\"-1\" >\n\t\t\t<div class=\"elementor-post__thumbnail\"><img loading=\"lazy\" decoding=\"async\" width=\"300\" height=\"226\" src=\"https:\/\/www.artenara.es\/portal-ciudadano\/wp-content\/uploads\/2026\/08\/InShot_20260826_121219318-300x226.webp\" class=\"attachment-medium size-medium wp-image-16299\" alt=\"\" srcset=\"https:\/\/www.artenara.es\/portal-ciudadano\/wp-content\/uploads\/2026\/08\/InShot_20260826_121219318-300x226.webp 300w, https:\/\/www.artenara.es\/portal-ciudadano\/wp-content\/uploads\/2026\/08\/InShot_20260826_121219318-1024x771.webp 1024w, https:\/\/www.artenara.es\/portal-ciudadano\/wp-content\/uploads\/2026\/08\/InShot_20260826_121219318-1435x1080.webp 1435w, https:\/\/www.artenara.es\/portal-ciudadano\/wp-content\/uploads\/2026\/08\/InShot_20260826_121219318-768x578.webp 768w, https:\/\/www.artenara.es\/portal-ciudadano\/wp-content\/uploads\/2026\/08\/InShot_20260826_121219318-1536x1156.webp 1536w, https:\/\/www.artenara.es\/portal-ciudadano\/wp-content\/uploads\/2026\/08\/InShot_20260826_121219318-418x315.webp 418w, https:\/\/www.artenara.es\/portal-ciudadano\/wp-content\/uploads\/2026\/08\/InShot_20260826_121219318-1200x900.webp 1200w, https:\/\/www.artenara.es\/portal-ciudadano\/wp-content\/uploads\/2026\/08\/InShot_20260826_121219318.webp 1920w\" sizes=\"(max-width: 300px) 100vw, 300px\" \/><\/div>\n\t\t<\/a>\n\t\t\t\t<div class=\"elementor-post__text\">\n\t\t\t\t<h3 class=\"elementor-post__title\">\n\t\t\t<a href=\"https:\/\/www.artenara.es\/portal-ciudadano\/noticias\/bando-municipal-06-2026-ordenacion-trafico-fiesta-de-la-cuevita\/\" >\n\t\t\t\tBANDO MUNICIPAL 06\/2026 &#8211; ORDENACI\u00d3N TR\u00c1FICO FIESTA DE LA CUEVITA\t\t\t<\/a>\n\t\t<\/h3>\n\t\t\t\t<div class=\"elementor-post__meta-data\">\n\t\t\t\t\t<span class=\"elementor-post-date\">\n\t\t\tAgo 26, 2026\t\t<\/span>\n\t\t\t\t<span class=\"elementor-post-avatar\">\n\t\t\tNo hay comentarios\t\t<\/span>\n\t\t\t\t<\/div>\n\t\t\t\t<div class=\"elementor-post__excerpt\">\n\t\t\t<p>Por la presente se informa de la entrada en vigor del Bando 06\/2026 sobre la ordenaci\u00f3n del tr\u00e1fico con motivo de las Fiestas de La Cuevita: \ud83d\udea7 AVISO SOBRE CIRCULACI\u00d3N<\/p>\n\t\t<\/div>\n\t\t\n\t\t<a class=\"elementor-post__read-more\" href=\"https:\/\/www.artenara.es\/portal-ciudadano\/noticias\/bando-municipal-06-2026-ordenacion-trafico-fiesta-de-la-cuevita\/\" aria-label=\"M\u00e1s informaci\u00f3n sobre BANDO MUNICIPAL 06\/2026 &#8211; ORDENACI\u00d3N TR\u00c1FICO FIESTA DE LA CUEVITA\" tabindex=\"-1\" >\n\t\t\tLeer m\u00e1s \u00bb\t\t<\/a>\n\n\t\t\t\t<\/div>\n\t\t\t\t<\/article>\n\t\t\t\t<article class=\"elementor-post elementor-grid-item post-16278 post type-post status-publish format-standard has-post-thumbnail hentry category-bandos-municipales category-noticias category-871\" role=\"listitem\">\n\t\t\t\t<a class=\"elementor-post__thumbnail__link\" href=\"https:\/\/www.artenara.es\/portal-ciudadano\/noticias\/bando-municipal-05-2026-prohibicion-envases-vidrio-o-cristal-en-la-cuevita\/\" tabindex=\"-1\" >\n\t\t\t<div class=\"elementor-post__thumbnail\"><img loading=\"lazy\" decoding=\"async\" width=\"300\" height=\"226\" src=\"https:\/\/www.artenara.es\/portal-ciudadano\/wp-content\/uploads\/2026\/08\/InShot_20260814_232952794-300x226.webp\" class=\"attachment-medium size-medium wp-image-16285\" alt=\"\" srcset=\"https:\/\/www.artenara.es\/portal-ciudadano\/wp-content\/uploads\/2026\/08\/InShot_20260814_232952794-300x226.webp 300w, https:\/\/www.artenara.es\/portal-ciudadano\/wp-content\/uploads\/2026\/08\/InShot_20260814_232952794-1024x771.webp 1024w, https:\/\/www.artenara.es\/portal-ciudadano\/wp-content\/uploads\/2026\/08\/InShot_20260814_232952794-1435x1080.webp 1435w, https:\/\/www.artenara.es\/portal-ciudadano\/wp-content\/uploads\/2026\/08\/InShot_20260814_232952794-768x578.webp 768w, https:\/\/www.artenara.es\/portal-ciudadano\/wp-content\/uploads\/2026\/08\/InShot_20260814_232952794-1536x1156.webp 1536w, https:\/\/www.artenara.es\/portal-ciudadano\/wp-content\/uploads\/2026\/08\/InShot_20260814_232952794-418x315.webp 418w, https:\/\/www.artenara.es\/portal-ciudadano\/wp-content\/uploads\/2026\/08\/InShot_20260814_232952794-1200x900.webp 1200w, https:\/\/www.artenara.es\/portal-ciudadano\/wp-content\/uploads\/2026\/08\/InShot_20260814_232952794.webp 1920w\" sizes=\"(max-width: 300px) 100vw, 300px\" \/><\/div>\n\t\t<\/a>\n\t\t\t\t<div class=\"elementor-post__text\">\n\t\t\t\t<h3 class=\"elementor-post__title\">\n\t\t\t<a href=\"https:\/\/www.artenara.es\/portal-ciudadano\/noticias\/bando-municipal-05-2026-prohibicion-envases-vidrio-o-cristal-en-la-cuevita\/\" >\n\t\t\t\tBANDO MUNICIPAL 05\/2026 &#8211; PROHIBICI\u00d3N ENVASES VIDRIO O CRISTAL EN LA CUEVITA\t\t\t<\/a>\n\t\t<\/h3>\n\t\t\t\t<div class=\"elementor-post__meta-data\">\n\t\t\t\t\t<span class=\"elementor-post-date\">\n\t\t\tAgo 14, 2026\t\t<\/span>\n\t\t\t\t<span class=\"elementor-post-avatar\">\n\t\t\tNo hay comentarios\t\t<\/span>\n\t\t\t\t<\/div>\n\t\t\t\t<div class=\"elementor-post__excerpt\">\n\t\t\t<p>Por la presente se informa de la entrada en vigor del Bando 05\/2026 sobre la prohibici\u00f3n de utilizar o portar vasos y envases de vidrio o cristal en determinados espacios<\/p>\n\t\t<\/div>\n\t\t\n\t\t<a class=\"elementor-post__read-more\" href=\"https:\/\/www.artenara.es\/portal-ciudadano\/noticias\/bando-municipal-05-2026-prohibicion-envases-vidrio-o-cristal-en-la-cuevita\/\" aria-label=\"M\u00e1s informaci\u00f3n sobre BANDO MUNICIPAL 05\/2026 &#8211; PROHIBICI\u00d3N ENVASES VIDRIO O CRISTAL EN LA CUEVITA\" tabindex=\"-1\" >\n\t\t\tLeer m\u00e1s \u00bb\t\t<\/a>\n\n\t\t\t\t<\/div>\n\t\t\t\t<\/article>\n\t\t\t\t<article class=\"elementor-post elementor-grid-item post-16273 post type-post status-publish format-standard has-post-thumbnail hentry category-noticias category-871\" role=\"listitem\">\n\t\t\t\t<a class=\"elementor-post__thumbnail__link\" href=\"https:\/\/www.artenara.es\/portal-ciudadano\/noticias\/abierto-al-trafico-la-carretera-de-las-cuevas-chajunco-14-08-26\/\" tabindex=\"-1\" >\n\t\t\t<div class=\"elementor-post__thumbnail\"><img loading=\"lazy\" decoding=\"async\" width=\"300\" height=\"300\" src=\"https:\/\/www.artenara.es\/portal-ciudadano\/wp-content\/uploads\/2026\/08\/imagen-destacada-REAPERTURA-CARRETERA-300x300.webp\" class=\"attachment-medium size-medium wp-image-16275\" alt=\"\" srcset=\"https:\/\/www.artenara.es\/portal-ciudadano\/wp-content\/uploads\/2026\/08\/imagen-destacada-REAPERTURA-CARRETERA-300x300.webp 300w, https:\/\/www.artenara.es\/portal-ciudadano\/wp-content\/uploads\/2026\/08\/imagen-destacada-REAPERTURA-CARRETERA-768x768.webp 768w, https:\/\/www.artenara.es\/portal-ciudadano\/wp-content\/uploads\/2026\/08\/imagen-destacada-REAPERTURA-CARRETERA-150x150.webp 150w, https:\/\/www.artenara.es\/portal-ciudadano\/wp-content\/uploads\/2026\/08\/imagen-destacada-REAPERTURA-CARRETERA-270x270.webp 270w, https:\/\/www.artenara.es\/portal-ciudadano\/wp-content\/uploads\/2026\/08\/imagen-destacada-REAPERTURA-CARRETERA-400x400.webp 400w, https:\/\/www.artenara.es\/portal-ciudadano\/wp-content\/uploads\/2026\/08\/imagen-destacada-REAPERTURA-CARRETERA-418x418.webp 418w, https:\/\/www.artenara.es\/portal-ciudadano\/wp-content\/uploads\/2026\/08\/imagen-destacada-REAPERTURA-CARRETERA-512x512.webp 512w, https:\/\/www.artenara.es\/portal-ciudadano\/wp-content\/uploads\/2026\/08\/imagen-destacada-REAPERTURA-CARRETERA.webp 1000w\" sizes=\"(max-width: 300px) 100vw, 300px\" \/><\/div>\n\t\t<\/a>\n\t\t\t\t<div class=\"elementor-post__text\">\n\t\t\t\t<h3 class=\"elementor-post__title\">\n\t\t\t<a href=\"https:\/\/www.artenara.es\/portal-ciudadano\/noticias\/abierto-al-trafico-la-carretera-de-las-cuevas-chajunco-14-08-26\/\" >\n\t\t\t\tABIERTO AL TR\u00c1FICO LA CARRETERA DE LAS CUEVAS &#8211; CHAJUNCO &#8211; 14\/08\/26\t\t\t<\/a>\n\t\t<\/h3>\n\t\t\t\t<div class=\"elementor-post__meta-data\">\n\t\t\t\t\t<span class=\"elementor-post-date\">\n\t\t\tAgo 14, 2026\t\t<\/span>\n\t\t\t\t<span class=\"elementor-post-avatar\">\n\t\t\tNo hay comentarios\t\t<\/span>\n\t\t\t\t<\/div>\n\t\t\t\t<div class=\"elementor-post__excerpt\">\n\t\t\t<p>\ud83d\udea7 INFORMACI\u00d3N DE INTER\u00c9S \ud83d\udea7 ABIERTA LA CARRETERA LS CUEVAS &#8211; CHAJUNCO Se comunica la reapertura de la carretera Las Cuevas &#8211; Chajunco Gracias<\/p>\n\t\t<\/div>\n\t\t\n\t\t<a class=\"elementor-post__read-more\" href=\"https:\/\/www.artenara.es\/portal-ciudadano\/noticias\/abierto-al-trafico-la-carretera-de-las-cuevas-chajunco-14-08-26\/\" aria-label=\"M\u00e1s informaci\u00f3n sobre ABIERTO AL TR\u00c1FICO LA CARRETERA DE LAS CUEVAS &#8211; CHAJUNCO &#8211; 14\/08\/26\" tabindex=\"-1\" >\n\t\t\tLeer m\u00e1s \u00bb\t\t<\/a>\n\n\t\t\t\t<\/div>\n\t\t\t\t<\/article>\n\t\t\t\t<article class=\"elementor-post elementor-grid-item post-16267 post type-post status-publish format-standard has-post-thumbnail hentry category-noticias-destacadas category-871\" role=\"listitem\">\n\t\t\t\t<a class=\"elementor-post__thumbnail__link\" href=\"https:\/\/www.artenara.es\/portal-ciudadano\/noticias-destacadas\/situacion-de-alerta-por-temperaturas-por-riesgo-de-incendios-forestales-en-gran-canaria-13-08-26\/\" tabindex=\"-1\" >\n\t\t\t<div class=\"elementor-post__thumbnail\"><img loading=\"lazy\" decoding=\"async\" width=\"300\" height=\"300\" src=\"https:\/\/www.artenara.es\/portal-ciudadano\/wp-content\/uploads\/2026\/08\/imagen-destacada-publicacion-web-INCEND-FOR-300x300.webp\" class=\"attachment-medium size-medium wp-image-16250\" alt=\"\" srcset=\"https:\/\/www.artenara.es\/portal-ciudadano\/wp-content\/uploads\/2026\/08\/imagen-destacada-publicacion-web-INCEND-FOR-300x300.webp 300w, https:\/\/www.artenara.es\/portal-ciudadano\/wp-content\/uploads\/2026\/08\/imagen-destacada-publicacion-web-INCEND-FOR-768x768.webp 768w, https:\/\/www.artenara.es\/portal-ciudadano\/wp-content\/uploads\/2026\/08\/imagen-destacada-publicacion-web-INCEND-FOR-150x150.webp 150w, https:\/\/www.artenara.es\/portal-ciudadano\/wp-content\/uploads\/2026\/08\/imagen-destacada-publicacion-web-INCEND-FOR-270x270.webp 270w, https:\/\/www.artenara.es\/portal-ciudadano\/wp-content\/uploads\/2026\/08\/imagen-destacada-publicacion-web-INCEND-FOR-400x400.webp 400w, https:\/\/www.artenara.es\/portal-ciudadano\/wp-content\/uploads\/2026\/08\/imagen-destacada-publicacion-web-INCEND-FOR-418x418.webp 418w, https:\/\/www.artenara.es\/portal-ciudadano\/wp-content\/uploads\/2026\/08\/imagen-destacada-publicacion-web-INCEND-FOR-512x512.webp 512w, https:\/\/www.artenara.es\/portal-ciudadano\/wp-content\/uploads\/2026\/08\/imagen-destacada-publicacion-web-INCEND-FOR.webp 1000w\" sizes=\"(max-width: 300px) 100vw, 300px\" \/><\/div>\n\t\t<\/a>\n\t\t\t\t<div class=\"elementor-post__text\">\n\t\t\t\t<h3 class=\"elementor-post__title\">\n\t\t\t<a href=\"https:\/\/www.artenara.es\/portal-ciudadano\/noticias-destacadas\/situacion-de-alerta-por-temperaturas-por-riesgo-de-incendios-forestales-en-gran-canaria-13-08-26\/\" >\n\t\t\t\tSITUACI\u00d3N DE ALERTA POR TEMPERATURAS POR RIESGO DE INCENDIOS FORESTALES EN GRAN CANARIA -13\/08\/26\t\t\t<\/a>\n\t\t<\/h3>\n\t\t\t\t<div class=\"elementor-post__meta-data\">\n\t\t\t\t\t<span class=\"elementor-post-date\">\n\t\t\tAgo 12, 2026\t\t<\/span>\n\t\t\t\t<span class=\"elementor-post-avatar\">\n\t\t\tNo hay comentarios\t\t<\/span>\n\t\t\t\t<\/div>\n\t\t\t\t<div class=\"elementor-post__excerpt\">\n\t\t\t<p>ALERTA POR RIESGO DE INCENDIOS FORESTALES El Gobierno de Canarias declara la situaci\u00f3n de alerta por riesgo de incendios forestales a partir de las 11:00 horas del jueves 13 de<\/p>\n\t\t<\/div>\n\t\t\n\t\t<a class=\"elementor-post__read-more\" href=\"https:\/\/www.artenara.es\/portal-ciudadano\/noticias-destacadas\/situacion-de-alerta-por-temperaturas-por-riesgo-de-incendios-forestales-en-gran-canaria-13-08-26\/\" aria-label=\"M\u00e1s informaci\u00f3n sobre SITUACI\u00d3N DE ALERTA POR TEMPERATURAS POR RIESGO DE INCENDIOS FORESTALES EN GRAN CANARIA -13\/08\/26\" tabindex=\"-1\" >\n\t\t\tLeer m\u00e1s \u00bb\t\t<\/a>\n\n\t\t\t\t<\/div>\n\t\t\t\t<\/article>\n\t\t\t\t<article class=\"elementor-post elementor-grid-item post-16263 post type-post status-publish format-standard has-post-thumbnail hentry category-noticias category-871 tag-artenara-2 tag-lacuevita tag-lacuevita2026\" role=\"listitem\">\n\t\t\t\t<a class=\"elementor-post__thumbnail__link\" href=\"https:\/\/www.artenara.es\/portal-ciudadano\/noticias\/las-fiestas-de-la-virgen-de-la-cuevita-2026-ya-estan-en-marcha\/\" tabindex=\"-1\" >\n\t\t\t<div class=\"elementor-post__thumbnail\"><img loading=\"lazy\" decoding=\"async\" width=\"300\" height=\"169\" src=\"https:\/\/www.artenara.es\/portal-ciudadano\/wp-content\/uploads\/2026\/08\/200542-300x169.webp\" class=\"attachment-medium size-medium wp-image-16264\" alt=\"\" srcset=\"https:\/\/www.artenara.es\/portal-ciudadano\/wp-content\/uploads\/2026\/08\/200542-300x169.webp 300w, https:\/\/www.artenara.es\/portal-ciudadano\/wp-content\/uploads\/2026\/08\/200542-1024x576.webp 1024w, https:\/\/www.artenara.es\/portal-ciudadano\/wp-content\/uploads\/2026\/08\/200542.webp 1920w, https:\/\/www.artenara.es\/portal-ciudadano\/wp-content\/uploads\/2026\/08\/200542-768x432.webp 768w, https:\/\/www.artenara.es\/portal-ciudadano\/wp-content\/uploads\/2026\/08\/200542-1536x863.webp 1536w, https:\/\/www.artenara.es\/portal-ciudadano\/wp-content\/uploads\/2026\/08\/200542-158x88.webp 158w, https:\/\/www.artenara.es\/portal-ciudadano\/wp-content\/uploads\/2026\/08\/200542-418x235.webp 418w\" sizes=\"(max-width: 300px) 100vw, 300px\" \/><\/div>\n\t\t<\/a>\n\t\t\t\t<div class=\"elementor-post__text\">\n\t\t\t\t<h3 class=\"elementor-post__title\">\n\t\t\t<a href=\"https:\/\/www.artenara.es\/portal-ciudadano\/noticias\/las-fiestas-de-la-virgen-de-la-cuevita-2026-ya-estan-en-marcha\/\" >\n\t\t\t\tLas Fiestas de la Virgen de La Cuevita 2026 ya est\u00e1n en marcha.\t\t\t<\/a>\n\t\t<\/h3>\n\t\t\t\t<div class=\"elementor-post__meta-data\">\n\t\t\t\t\t<span class=\"elementor-post-date\">\n\t\t\tAgo 12, 2026\t\t<\/span>\n\t\t\t\t<span class=\"elementor-post-avatar\">\n\t\t\tNo hay comentarios\t\t<\/span>\n\t\t\t\t<\/div>\n\t\t\t\t<div class=\"elementor-post__excerpt\">\n\t\t\t<p>Esta ma\u00f1ana se present\u00f3 en la Casa de Col\u00f3n de Las Palmas de Gran Canaria el programa de actos de las Fiestas de la Virgen de La Cuevita, una de<\/p>\n\t\t<\/div>\n\t\t\n\t\t<a class=\"elementor-post__read-more\" href=\"https:\/\/www.artenara.es\/portal-ciudadano\/noticias\/las-fiestas-de-la-virgen-de-la-cuevita-2026-ya-estan-en-marcha\/\" aria-label=\"M\u00e1s informaci\u00f3n sobre Las Fiestas de la Virgen de La Cuevita 2026 ya est\u00e1n en marcha.\" tabindex=\"-1\" >\n\t\t\tLeer m\u00e1s \u00bb\t\t<\/a>\n\n\t\t\t\t<\/div>\n\t\t\t\t<\/article>\n\t\t\t\t<article class=\"elementor-post elementor-grid-item post-16260 post type-post status-publish format-standard has-post-thumbnail hentry category-noticias\" role=\"listitem\">\n\t\t\t\t<a class=\"elementor-post__thumbnail__link\" href=\"https:\/\/www.artenara.es\/portal-ciudadano\/noticias\/%f0%9f%8c%91%e2%98%80%ef%b8%8f-disfruta-del-eclipse-solar-desde-artenara\/\" tabindex=\"-1\" >\n\t\t\t<div class=\"elementor-post__thumbnail\"><img loading=\"lazy\" decoding=\"async\" width=\"240\" height=\"300\" src=\"https:\/\/www.artenara.es\/portal-ciudadano\/wp-content\/uploads\/2026\/08\/198232-240x300.webp\" class=\"attachment-medium size-medium wp-image-16261\" alt=\"\" srcset=\"https:\/\/www.artenara.es\/portal-ciudadano\/wp-content\/uploads\/2026\/08\/198232-240x300.webp 240w, https:\/\/www.artenara.es\/portal-ciudadano\/wp-content\/uploads\/2026\/08\/198232-819x1024.webp 819w, https:\/\/www.artenara.es\/portal-ciudadano\/wp-content\/uploads\/2026\/08\/198232-864x1080.webp 864w, https:\/\/www.artenara.es\/portal-ciudadano\/wp-content\/uploads\/2026\/08\/198232-768x960.webp 768w, https:\/\/www.artenara.es\/portal-ciudadano\/wp-content\/uploads\/2026\/08\/198232-1229x1536.webp 1229w, https:\/\/www.artenara.es\/portal-ciudadano\/wp-content\/uploads\/2026\/08\/198232-418x523.webp 418w, https:\/\/www.artenara.es\/portal-ciudadano\/wp-content\/uploads\/2026\/08\/198232.webp 1536w\" sizes=\"(max-width: 240px) 100vw, 240px\" \/><\/div>\n\t\t<\/a>\n\t\t\t\t<div class=\"elementor-post__text\">\n\t\t\t\t<h3 class=\"elementor-post__title\">\n\t\t\t<a href=\"https:\/\/www.artenara.es\/portal-ciudadano\/noticias\/%f0%9f%8c%91%e2%98%80%ef%b8%8f-disfruta-del-eclipse-solar-desde-artenara\/\" >\n\t\t\t\t\ud83c\udf11\u2600\ufe0f Disfruta del eclipse solar desde Artenara\t\t\t<\/a>\n\t\t<\/h3>\n\t\t\t\t<div class=\"elementor-post__meta-data\">\n\t\t\t\t\t<span class=\"elementor-post-date\">\n\t\t\tAgo 10, 2026\t\t<\/span>\n\t\t\t\t<span class=\"elementor-post-avatar\">\n\t\t\tNo hay comentarios\t\t<\/span>\n\t\t\t\t<\/div>\n\t\t\t\t<div class=\"elementor-post__excerpt\">\n\t\t\t<p>\ud83c\udf11\u2600\ufe0f Disfruta del eclipse solar desde ArtenaraEl pr\u00f3ximo 12 de agosto, Artenara ofrece numerosos puntos privilegiados para disfrutar del eclipse solar, gracias a su ubicaci\u00f3n y a la variedad de<\/p>\n\t\t<\/div>\n\t\t\n\t\t<a class=\"elementor-post__read-more\" href=\"https:\/\/www.artenara.es\/portal-ciudadano\/noticias\/%f0%9f%8c%91%e2%98%80%ef%b8%8f-disfruta-del-eclipse-solar-desde-artenara\/\" aria-label=\"M\u00e1s informaci\u00f3n sobre \ud83c\udf11\u2600\ufe0f Disfruta del eclipse solar desde Artenara\" tabindex=\"-1\" >\n\t\t\tLeer m\u00e1s \u00bb\t\t<\/a>\n\n\t\t\t\t<\/div>\n\t\t\t\t<\/article>\n\t\t\t\t<\/div>\n\t\t\n\t\t\t\t\t\t<\/div>\n\t\t\t\t<\/div>\n\t\t\t\t\t<\/div>\n\t\t<\/div>\n\t\t\t\t<div class=\"elementor-column elementor-col-33 elementor-top-column elementor-element elementor-element-3f66e4b\" data-id=\"3f66e4b\" data-element_type=\"column\" data-e-type=\"column\">\n\t\t\t<div class=\"elementor-widget-wrap elementor-element-populated\">\n\t\t\t\t\t\t<section class=\"elementor-section elementor-inner-section elementor-element elementor-element-88fd756 elementor-section-boxed elementor-section-height-default elementor-section-height-default\" data-id=\"88fd756\" data-element_type=\"section\" data-e-type=\"section\">\n\t\t\t\t\t\t<div class=\"elementor-container elementor-column-gap-default\">\n\t\t\t\t\t<div class=\"elementor-column elementor-col-100 elementor-inner-column elementor-element elementor-element-4c723c5\" data-id=\"4c723c5\" data-element_type=\"column\" data-e-type=\"column\">\n\t\t\t<div class=\"elementor-widget-wrap elementor-element-populated\">\n\t\t\t\t\t\t<div class=\"elementor-element elementor-element-e63ad13 elementor-widget elementor-widget-image\" data-id=\"e63ad13\" data-element_type=\"widget\" data-e-type=\"widget\" data-widget_type=\"image.default\">\n\t\t\t\t<div class=\"elementor-widget-container\">\n\t\t\t\t\t\t\t\t\t\t\t\t\t\t\t\t<a href=\"https:\/\/artenara.es\/portal-ciudadano\/informacion-catastral\/\">\n\t\t\t\t\t\t\t<img loading=\"lazy\" decoding=\"async\" width=\"481\" height=\"137\" src=\"https:\/\/www.artenara.es\/portal-ciudadano\/wp-content\/uploads\/2020\/08\/principal-11-28.jpg\" class=\"attachment-large size-large wp-image-8677\" alt=\"\" srcset=\"https:\/\/www.artenara.es\/portal-ciudadano\/wp-content\/uploads\/2020\/08\/principal-11-28.jpg 481w, https:\/\/www.artenara.es\/portal-ciudadano\/wp-content\/uploads\/2020\/08\/principal-11-28-300x85.jpg 300w, https:\/\/www.artenara.es\/portal-ciudadano\/wp-content\/uploads\/2020\/08\/principal-11-28-418x119.jpg 418w\" sizes=\"(max-width: 481px) 100vw, 481px\" \/>\t\t\t\t\t\t\t\t<\/a>\n\t\t\t\t\t\t\t\t\t\t\t\t\t\t\t<\/div>\n\t\t\t\t<\/div>\n\t\t\t\t\t<\/div>\n\t\t<\/div>\n\t\t\t\t\t<\/div>\n\t\t<\/section>\n\t\t\t\t<section class=\"elementor-section elementor-inner-section elementor-element elementor-element-bad1c53 elementor-section-boxed elementor-section-height-default elementor-section-height-default\" data-id=\"bad1c53\" data-element_type=\"section\" data-e-type=\"section\">\n\t\t\t\t\t\t<div class=\"elementor-container elementor-column-gap-default\">\n\t\t\t\t\t<div class=\"elementor-column elementor-col-100 elementor-inner-column elementor-element elementor-element-15123b5\" data-id=\"15123b5\" data-element_type=\"column\" data-e-type=\"column\">\n\t\t\t<div class=\"elementor-widget-wrap elementor-element-populated\">\n\t\t\t\t\t\t<div class=\"elementor-element elementor-element-f97f6e2 elementor-widget elementor-widget-image\" data-id=\"f97f6e2\" data-element_type=\"widget\" data-e-type=\"widget\" data-widget_type=\"image.default\">\n\t\t\t\t<div class=\"elementor-widget-container\">\n\t\t\t\t\t\t\t\t\t\t\t\t\t\t\t\t<a href=\"https:\/\/whatsapp.com\/channel\/0029Vb7irZkFXUuhzPsRzS2I\">\n\t\t\t\t\t\t\t<img loading=\"lazy\" decoding=\"async\" width=\"591\" height=\"170\" src=\"https:\/\/www.artenara.es\/portal-ciudadano\/wp-content\/uploads\/2026\/06\/banner-canal-whatsappo.webp\" class=\"attachment-large size-large wp-image-15839\" alt=\"\" srcset=\"https:\/\/www.artenara.es\/portal-ciudadano\/wp-content\/uploads\/2026\/06\/banner-canal-whatsappo.webp 591w, https:\/\/www.artenara.es\/portal-ciudadano\/wp-content\/uploads\/2026\/06\/banner-canal-whatsappo-300x86.webp 300w, https:\/\/www.artenara.es\/portal-ciudadano\/wp-content\/uploads\/2026\/06\/banner-canal-whatsappo-418x120.webp 418w\" sizes=\"(max-width: 591px) 100vw, 591px\" \/>\t\t\t\t\t\t\t\t<\/a>\n\t\t\t\t\t\t\t\t\t\t\t\t\t\t\t<\/div>\n\t\t\t\t<\/div>\n\t\t\t\t\t<\/div>\n\t\t<\/div>\n\t\t\t\t\t<\/div>\n\t\t<\/section>\n\t\t\t\t<section class=\"elementor-section elementor-inner-section elementor-element elementor-element-bffa613 elementor-section-boxed elementor-section-height-default elementor-section-height-default\" data-id=\"bffa613\" data-element_type=\"section\" data-e-type=\"section\">\n\t\t\t\t\t\t<div class=\"elementor-container elementor-column-gap-default\">\n\t\t\t\t\t<div class=\"elementor-column elementor-col-100 elementor-inner-column elementor-element elementor-element-c98f737\" data-id=\"c98f737\" data-element_type=\"column\" data-e-type=\"column\">\n\t\t\t<div class=\"elementor-widget-wrap elementor-element-populated\">\n\t\t\t\t\t\t<div class=\"elementor-element elementor-element-4c3b6a3 elementor-widget elementor-widget-image\" data-id=\"4c3b6a3\" data-element_type=\"widget\" data-e-type=\"widget\" data-widget_type=\"image.default\">\n\t\t\t\t<div class=\"elementor-widget-container\">\n\t\t\t\t\t\t\t\t\t\t\t\t\t\t\t\t<a href=\"https:\/\/www.artenara.es\/portal-ciudadano\/manualescudo\/\">\n\t\t\t\t\t\t\t<img loading=\"lazy\" decoding=\"async\" width=\"591\" height=\"170\" src=\"https:\/\/www.artenara.es\/portal-ciudadano\/wp-content\/uploads\/2026\/06\/BANER-USO-ESCUDO.webp\" class=\"attachment-large size-large wp-image-15840\" alt=\"\" srcset=\"https:\/\/www.artenara.es\/portal-ciudadano\/wp-content\/uploads\/2026\/06\/BANER-USO-ESCUDO.webp 591w, https:\/\/www.artenara.es\/portal-ciudadano\/wp-content\/uploads\/2026\/06\/BANER-USO-ESCUDO-300x86.webp 300w, https:\/\/www.artenara.es\/portal-ciudadano\/wp-content\/uploads\/2026\/06\/BANER-USO-ESCUDO-418x120.webp 418w\" sizes=\"(max-width: 591px) 100vw, 591px\" \/>\t\t\t\t\t\t\t\t<\/a>\n\t\t\t\t\t\t\t\t\t\t\t\t\t\t\t<\/div>\n\t\t\t\t<\/div>\n\t\t\t\t\t<\/div>\n\t\t<\/div>\n\t\t\t\t\t<\/div>\n\t\t<\/section>\n\t\t\t\t<section class=\"elementor-section elementor-inner-section elementor-element elementor-element-4385e9f elementor-section-boxed elementor-section-height-default elementor-section-height-default\" data-id=\"4385e9f\" data-element_type=\"section\" data-e-type=\"section\">\n\t\t\t\t\t\t<div class=\"elementor-container elementor-column-gap-default\">\n\t\t\t\t\t<div class=\"elementor-column elementor-col-100 elementor-inner-column elementor-element elementor-element-9886d28\" data-id=\"9886d28\" data-element_type=\"column\" data-e-type=\"column\">\n\t\t\t<div class=\"elementor-widget-wrap elementor-element-populated\">\n\t\t\t\t\t\t<div class=\"elementor-element elementor-element-57d6987 elementor-widget elementor-widget-image\" data-id=\"57d6987\" data-element_type=\"widget\" data-e-type=\"widget\" data-widget_type=\"image.default\">\n\t\t\t\t<div class=\"elementor-widget-container\">\n\t\t\t\t\t\t\t\t\t\t\t\t\t\t\t\t<a href=\"https:\/\/www.artenara.es\/portal-ciudadano\/social\/%f0%9f%93%b2-el-ayuntamiento-de-artenara-esta-mas-cerca-de-ti-que-nunca\/\">\n\t\t\t\t\t\t\t<img loading=\"lazy\" decoding=\"async\" width=\"481\" height=\"137\" src=\"https:\/\/www.artenara.es\/portal-ciudadano\/wp-content\/uploads\/2026\/02\/banner-rrss-ayto.webp\" class=\"attachment-large size-large wp-image-15385\" alt=\"\" srcset=\"https:\/\/www.artenara.es\/portal-ciudadano\/wp-content\/uploads\/2026\/02\/banner-rrss-ayto.webp 481w, https:\/\/www.artenara.es\/portal-ciudadano\/wp-content\/uploads\/2026\/02\/banner-rrss-ayto-300x85.webp 300w, https:\/\/www.artenara.es\/portal-ciudadano\/wp-content\/uploads\/2026\/02\/banner-rrss-ayto-418x119.webp 418w\" sizes=\"(max-width: 481px) 100vw, 481px\" \/>\t\t\t\t\t\t\t\t<\/a>\n\t\t\t\t\t\t\t\t\t\t\t\t\t\t\t<\/div>\n\t\t\t\t<\/div>\n\t\t\t\t\t<\/div>\n\t\t<\/div>\n\t\t\t\t\t<\/div>\n\t\t<\/section>\n\t\t\t\t<section class=\"elementor-section elementor-inner-section elementor-element elementor-element-1b8b586 elementor-section-boxed elementor-section-height-default elementor-section-height-default\" data-id=\"1b8b586\" data-element_type=\"section\" data-e-type=\"section\">\n\t\t\t\t\t\t<div class=\"elementor-container elementor-column-gap-default\">\n\t\t\t\t\t<div class=\"elementor-column elementor-col-100 elementor-inner-column elementor-element elementor-element-4f66f1a\" data-id=\"4f66f1a\" data-element_type=\"column\" data-e-type=\"column\">\n\t\t\t<div class=\"elementor-widget-wrap elementor-element-populated\">\n\t\t\t\t\t\t<div class=\"elementor-element elementor-element-606f7fd elementor-widget elementor-widget-image\" data-id=\"606f7fd\" data-element_type=\"widget\" data-e-type=\"widget\" data-widget_type=\"image.default\">\n\t\t\t\t<div class=\"elementor-widget-container\">\n\t\t\t\t\t\t\t\t\t\t\t\t\t\t\t\t<a href=\"https:\/\/grancanariamosaico.com\/semaforos\/\">\n\t\t\t\t\t\t\t<img loading=\"lazy\" decoding=\"async\" width=\"800\" height=\"230\" src=\"https:\/\/www.artenara.es\/portal-ciudadano\/wp-content\/uploads\/2026\/06\/banner-gran-canaria-mosaico-3-1024x294.webp\" class=\"attachment-large size-large wp-image-15934\" alt=\"\" srcset=\"https:\/\/www.artenara.es\/portal-ciudadano\/wp-content\/uploads\/2026\/06\/banner-gran-canaria-mosaico-3-1024x294.webp 1024w, https:\/\/www.artenara.es\/portal-ciudadano\/wp-content\/uploads\/2026\/06\/banner-gran-canaria-mosaico-3-300x86.webp 300w, https:\/\/www.artenara.es\/portal-ciudadano\/wp-content\/uploads\/2026\/06\/banner-gran-canaria-mosaico-3-768x221.webp 768w, https:\/\/www.artenara.es\/portal-ciudadano\/wp-content\/uploads\/2026\/06\/banner-gran-canaria-mosaico-3-418x120.webp 418w, https:\/\/www.artenara.es\/portal-ciudadano\/wp-content\/uploads\/2026\/06\/banner-gran-canaria-mosaico-3.webp 1508w\" sizes=\"(max-width: 800px) 100vw, 800px\" \/>\t\t\t\t\t\t\t\t<\/a>\n\t\t\t\t\t\t\t\t\t\t\t\t\t\t\t<\/div>\n\t\t\t\t<\/div>\n\t\t\t\t\t<\/div>\n\t\t<\/div>\n\t\t\t\t\t<\/div>\n\t\t<\/section>\n\t\t\t\t<section class=\"elementor-section elementor-inner-section elementor-element elementor-element-382aa37 elementor-section-boxed elementor-section-height-default elementor-section-height-default\" data-id=\"382aa37\" data-element_type=\"section\" data-e-type=\"section\">\n\t\t\t\t\t\t<div class=\"elementor-container elementor-column-gap-default\">\n\t\t\t\t\t<div class=\"elementor-column elementor-col-100 elementor-inner-column elementor-element elementor-element-21ec614\" data-id=\"21ec614\" data-element_type=\"column\" data-e-type=\"column\">\n\t\t\t<div class=\"elementor-widget-wrap elementor-element-populated\">\n\t\t\t\t\t\t<div class=\"elementor-element elementor-element-24d51d0 elementor-widget elementor-widget-image\" data-id=\"24d51d0\" data-element_type=\"widget\" data-e-type=\"widget\" data-widget_type=\"image.default\">\n\t\t\t\t<div class=\"elementor-widget-container\">\n\t\t\t\t\t\t\t\t\t\t\t\t\t\t\t\t<a href=\"tel:928666117\">\n\t\t\t\t\t\t\t<img loading=\"lazy\" decoding=\"async\" width=\"800\" height=\"348\" src=\"https:\/\/www.artenara.es\/portal-ciudadano\/wp-content\/uploads\/2026\/02\/InShot_20260223_150752705-1024x446.webp\" class=\"attachment-large size-large wp-image-15365\" alt=\"\" srcset=\"https:\/\/www.artenara.es\/portal-ciudadano\/wp-content\/uploads\/2026\/02\/InShot_20260223_150752705-1024x446.webp 1024w, https:\/\/www.artenara.es\/portal-ciudadano\/wp-content\/uploads\/2026\/02\/InShot_20260223_150752705-300x131.webp 300w, https:\/\/www.artenara.es\/portal-ciudadano\/wp-content\/uploads\/2026\/02\/InShot_20260223_150752705-768x335.webp 768w, https:\/\/www.artenara.es\/portal-ciudadano\/wp-content\/uploads\/2026\/02\/InShot_20260223_150752705-1536x670.webp 1536w, https:\/\/www.artenara.es\/portal-ciudadano\/wp-content\/uploads\/2026\/02\/InShot_20260223_150752705-418x182.webp 418w, https:\/\/www.artenara.es\/portal-ciudadano\/wp-content\/uploads\/2026\/02\/InShot_20260223_150752705.webp 1920w\" sizes=\"(max-width: 800px) 100vw, 800px\" \/>\t\t\t\t\t\t\t\t<\/a>\n\t\t\t\t\t\t\t\t\t\t\t\t\t\t\t<\/div>\n\t\t\t\t<\/div>\n\t\t\t\t\t<\/div>\n\t\t<\/div>\n\t\t\t\t\t<\/div>\n\t\t<\/section>\n\t\t\t\t<section class=\"elementor-section elementor-inner-section elementor-element elementor-element-052d0c9 elementor-section-boxed elementor-section-height-default elementor-section-height-default\" data-id=\"052d0c9\" data-element_type=\"section\" data-e-type=\"section\">\n\t\t\t\t\t\t<div class=\"elementor-container elementor-column-gap-default\">\n\t\t\t\t\t<div class=\"elementor-column elementor-col-100 elementor-inner-column elementor-element elementor-element-c42116f\" data-id=\"c42116f\" data-element_type=\"column\" data-e-type=\"column\">\n\t\t\t<div class=\"elementor-widget-wrap elementor-element-populated\">\n\t\t\t\t\t\t<div class=\"elementor-element elementor-element-04f88af elementor-widget elementor-widget-image\" data-id=\"04f88af\" data-element_type=\"widget\" data-e-type=\"widget\" data-widget_type=\"image.default\">\n\t\t\t\t<div class=\"elementor-widget-container\">\n\t\t\t\t\t\t\t\t\t\t\t\t\t\t\t\t<a href=\"https:\/\/artenara.sedelectronica.es\/board\">\n\t\t\t\t\t\t\t<img loading=\"lazy\" decoding=\"async\" width=\"481\" height=\"138\" src=\"https:\/\/www.artenara.es\/portal-ciudadano\/wp-content\/uploads\/2020\/08\/principal-11-30.jpg\" class=\"attachment-large size-large wp-image-8679\" alt=\"\" srcset=\"https:\/\/www.artenara.es\/portal-ciudadano\/wp-content\/uploads\/2020\/08\/principal-11-30.jpg 481w, https:\/\/www.artenara.es\/portal-ciudadano\/wp-content\/uploads\/2020\/08\/principal-11-30-300x86.jpg 300w, https:\/\/www.artenara.es\/portal-ciudadano\/wp-content\/uploads\/2020\/08\/principal-11-30-418x120.jpg 418w\" sizes=\"(max-width: 481px) 100vw, 481px\" \/>\t\t\t\t\t\t\t\t<\/a>\n\t\t\t\t\t\t\t\t\t\t\t\t\t\t\t<\/div>\n\t\t\t\t<\/div>\n\t\t\t\t\t<\/div>\n\t\t<\/div>\n\t\t\t\t\t<\/div>\n\t\t<\/section>\n\t\t\t\t<section class=\"elementor-section elementor-inner-section elementor-element elementor-element-c534d15 elementor-section-boxed elementor-section-height-default elementor-section-height-default\" data-id=\"c534d15\" data-element_type=\"section\" data-e-type=\"section\">\n\t\t\t\t\t\t<div class=\"elementor-container elementor-column-gap-default\">\n\t\t\t\t\t<div class=\"elementor-column elementor-col-100 elementor-inner-column elementor-element elementor-element-3126cbf\" data-id=\"3126cbf\" data-element_type=\"column\" data-e-type=\"column\">\n\t\t\t<div class=\"elementor-widget-wrap elementor-element-populated\">\n\t\t\t\t\t\t<div class=\"elementor-element elementor-element-a557a6d elementor-widget elementor-widget-image\" data-id=\"a557a6d\" data-element_type=\"widget\" data-e-type=\"widget\" data-widget_type=\"image.default\">\n\t\t\t\t<div class=\"elementor-widget-container\">\n\t\t\t\t\t\t\t\t\t\t\t\t\t\t\t\t<a href=\"https:\/\/www.artenara.es\/juventud\">\n\t\t\t\t\t\t\t<img loading=\"lazy\" decoding=\"async\" width=\"481\" height=\"138\" src=\"https:\/\/www.artenara.es\/portal-ciudadano\/wp-content\/uploads\/2020\/12\/portal-juventud-32.jpg\" class=\"attachment-large size-large wp-image-9312\" alt=\"\" srcset=\"https:\/\/www.artenara.es\/portal-ciudadano\/wp-content\/uploads\/2020\/12\/portal-juventud-32.jpg 481w, https:\/\/www.artenara.es\/portal-ciudadano\/wp-content\/uploads\/2020\/12\/portal-juventud-32-300x86.jpg 300w, https:\/\/www.artenara.es\/portal-ciudadano\/wp-content\/uploads\/2020\/12\/portal-juventud-32-418x120.jpg 418w\" sizes=\"(max-width: 481px) 100vw, 481px\" \/>\t\t\t\t\t\t\t\t<\/a>\n\t\t\t\t\t\t\t\t\t\t\t\t\t\t\t<\/div>\n\t\t\t\t<\/div>\n\t\t\t\t\t<\/div>\n\t\t<\/div>\n\t\t\t\t\t<\/div>\n\t\t<\/section>\n\t\t\t\t<section class=\"elementor-section elementor-inner-section elementor-element elementor-element-6c01f87 elementor-section-boxed elementor-section-height-default elementor-section-height-default\" data-id=\"6c01f87\" data-element_type=\"section\" data-e-type=\"section\">\n\t\t\t\t\t\t<div class=\"elementor-container elementor-column-gap-default\">\n\t\t\t\t\t<div class=\"elementor-column elementor-col-100 elementor-inner-column elementor-element elementor-element-33388d0\" data-id=\"33388d0\" data-element_type=\"column\" data-e-type=\"column\">\n\t\t\t<div class=\"elementor-widget-wrap elementor-element-populated\">\n\t\t\t\t\t\t<div class=\"elementor-element elementor-element-f0732e9 elementor-widget elementor-widget-image\" data-id=\"f0732e9\" data-element_type=\"widget\" data-e-type=\"widget\" data-widget_type=\"image.default\">\n\t\t\t\t<div class=\"elementor-widget-container\">\n\t\t\t\t\t\t\t\t\t\t\t\t\t\t\t\t<a href=\"tel:928666117\">\n\t\t\t\t\t\t\t<img loading=\"lazy\" decoding=\"async\" width=\"481\" height=\"138\" src=\"https:\/\/www.artenara.es\/portal-ciudadano\/wp-content\/uploads\/2020\/08\/principal-11-29.jpg\" class=\"attachment-large size-large wp-image-8678\" alt=\"\" srcset=\"https:\/\/www.artenara.es\/portal-ciudadano\/wp-content\/uploads\/2020\/08\/principal-11-29.jpg 481w, https:\/\/www.artenara.es\/portal-ciudadano\/wp-content\/uploads\/2020\/08\/principal-11-29-300x86.jpg 300w, https:\/\/www.artenara.es\/portal-ciudadano\/wp-content\/uploads\/2020\/08\/principal-11-29-418x120.jpg 418w\" sizes=\"(max-width: 481px) 100vw, 481px\" \/>\t\t\t\t\t\t\t\t<\/a>\n\t\t\t\t\t\t\t\t\t\t\t\t\t\t\t<\/div>\n\t\t\t\t<\/div>\n\t\t\t\t\t<\/div>\n\t\t<\/div>\n\t\t\t\t\t<\/div>\n\t\t<\/section>\n\t\t\t\t<section class=\"elementor-section elementor-inner-section elementor-element elementor-element-7dd681a elementor-section-boxed elementor-section-height-default elementor-section-height-default\" data-id=\"7dd681a\" data-element_type=\"section\" data-e-type=\"section\">\n\t\t\t\t\t\t<div class=\"elementor-container elementor-column-gap-default\">\n\t\t\t\t\t<div class=\"elementor-column elementor-col-100 elementor-inner-column elementor-element elementor-element-9ca3070\" data-id=\"9ca3070\" data-element_type=\"column\" data-e-type=\"column\">\n\t\t\t<div class=\"elementor-widget-wrap elementor-element-populated\">\n\t\t\t\t\t\t<div class=\"elementor-element elementor-element-108d107 elementor-widget elementor-widget-image\" data-id=\"108d107\" data-element_type=\"widget\" data-e-type=\"widget\" data-widget_type=\"image.default\">\n\t\t\t\t<div class=\"elementor-widget-container\">\n\t\t\t\t\t\t\t\t\t\t\t\t\t\t\t\t<a href=\"https:\/\/leales.org\/search\/provincia,Las%20Palmas%20-%20Gran%20Canaria\/iOrderType,desc\">\n\t\t\t\t\t\t\t<img loading=\"lazy\" decoding=\"async\" width=\"481\" height=\"138\" src=\"https:\/\/www.artenara.es\/portal-ciudadano\/wp-content\/uploads\/2020\/08\/principal-11-31.jpg\" class=\"attachment-large size-large wp-image-8680\" alt=\"\" srcset=\"https:\/\/www.artenara.es\/portal-ciudadano\/wp-content\/uploads\/2020\/08\/principal-11-31.jpg 481w, https:\/\/www.artenara.es\/portal-ciudadano\/wp-content\/uploads\/2020\/08\/principal-11-31-300x86.jpg 300w, https:\/\/www.artenara.es\/portal-ciudadano\/wp-content\/uploads\/2020\/08\/principal-11-31-418x120.jpg 418w\" sizes=\"(max-width: 481px) 100vw, 481px\" \/>\t\t\t\t\t\t\t\t<\/a>\n\t\t\t\t\t\t\t\t\t\t\t\t\t\t\t<\/div>\n\t\t\t\t<\/div>\n\t\t\t\t\t<\/div>\n\t\t<\/div>\n\t\t\t\t\t<\/div>\n\t\t<\/section>\n\t\t\t\t<section class=\"elementor-section elementor-inner-section elementor-element elementor-element-2de8e28 elementor-section-boxed elementor-section-height-default elementor-section-height-default\" data-id=\"2de8e28\" data-element_type=\"section\" data-e-type=\"section\">\n\t\t\t\t\t\t<div class=\"elementor-container elementor-column-gap-default\">\n\t\t\t\t\t<div class=\"elementor-column elementor-col-100 elementor-inner-column elementor-element elementor-element-9f1f827\" data-id=\"9f1f827\" data-element_type=\"column\" data-e-type=\"column\">\n\t\t\t<div class=\"elementor-widget-wrap elementor-element-populated\">\n\t\t\t\t\t\t<div class=\"elementor-element elementor-element-ab12a4a elementor-widget elementor-widget-image\" data-id=\"ab12a4a\" data-element_type=\"widget\" data-e-type=\"widget\" data-widget_type=\"image.default\">\n\t\t\t\t<div class=\"elementor-widget-container\">\n\t\t\t\t\t\t\t\t\t\t\t\t\t\t\t\t<a href=\"https:\/\/www.artenara.es\/portal-ciudadano\/contacto\">\n\t\t\t\t\t\t\t<img loading=\"lazy\" decoding=\"async\" width=\"800\" height=\"143\" src=\"https:\/\/www.artenara.es\/portal-ciudadano\/wp-content\/uploads\/2020\/07\/buzon-20-1024x183.jpg\" class=\"attachment-large size-large wp-image-8367\" alt=\"\" srcset=\"https:\/\/www.artenara.es\/portal-ciudadano\/wp-content\/uploads\/2020\/07\/buzon-20-1024x183.jpg 1024w, https:\/\/www.artenara.es\/portal-ciudadano\/wp-content\/uploads\/2020\/07\/buzon-20-300x54.jpg 300w, https:\/\/www.artenara.es\/portal-ciudadano\/wp-content\/uploads\/2020\/07\/buzon-20-768x137.jpg 768w, https:\/\/www.artenara.es\/portal-ciudadano\/wp-content\/uploads\/2020\/07\/buzon-20-418x75.jpg 418w, https:\/\/www.artenara.es\/portal-ciudadano\/wp-content\/uploads\/2020\/07\/buzon-20.jpg 1361w\" sizes=\"(max-width: 800px) 100vw, 800px\" \/>\t\t\t\t\t\t\t\t<\/a>\n\t\t\t\t\t\t\t\t\t\t\t\t\t\t\t<\/div>\n\t\t\t\t<\/div>\n\t\t\t\t\t<\/div>\n\t\t<\/div>\n\t\t\t\t\t<\/div>\n\t\t<\/section>\n\t\t\t\t\t<\/div>\n\t\t<\/div>\n\t\t\t\t\t<\/div>\n\t\t<\/section>\n\t\t\t\t<section class=\"elementor-section elementor-top-section elementor-element elementor-element-2e2f248 elementor-section-boxed elementor-section-height-default elementor-section-height-default\" data-id=\"2e2f248\" data-element_type=\"section\" data-e-type=\"section\">\n\t\t\t\t\t\t<div class=\"elementor-container elementor-column-gap-default\">\n\t\t\t\t\t<div class=\"elementor-column elementor-col-100 elementor-top-column elementor-element elementor-element-f9dbfc2\" data-id=\"f9dbfc2\" data-element_type=\"column\" data-e-type=\"column\">\n\t\t\t<div class=\"elementor-widget-wrap elementor-element-populated\">\n\t\t\t\t\t\t<div class=\"elementor-element elementor-element-9625aed elementor-widget elementor-widget-heading\" data-id=\"9625aed\" data-element_type=\"widget\" data-e-type=\"widget\" data-widget_type=\"heading.default\">\n\t\t\t\t<div class=\"elementor-widget-container\">\n\t\t\t\t\t<h2 class=\"elementor-heading-title elementor-size-default\">Eventos<\/h2>\t\t\t\t<\/div>\n\t\t\t\t<\/div>\n\t\t\t\t<div class=\"elementor-element elementor-element-602872c elementor-grid-3 elementor-grid-tablet-2 elementor-grid-mobile-1 elementor-posts--thumbnail-top elementor-widget elementor-widget-posts\" data-id=\"602872c\" data-element_type=\"widget\" data-e-type=\"widget\" data-settings=\"{&quot;classic_columns&quot;:&quot;3&quot;,&quot;classic_columns_tablet&quot;:&quot;2&quot;,&quot;classic_columns_mobile&quot;:&quot;1&quot;,&quot;classic_row_gap&quot;:{&quot;unit&quot;:&quot;px&quot;,&quot;size&quot;:35,&quot;sizes&quot;:[]},&quot;classic_row_gap_tablet&quot;:{&quot;unit&quot;:&quot;px&quot;,&quot;size&quot;:&quot;&quot;,&quot;sizes&quot;:[]},&quot;classic_row_gap_mobile&quot;:{&quot;unit&quot;:&quot;px&quot;,&quot;size&quot;:&quot;&quot;,&quot;sizes&quot;:[]}}\" data-widget_type=\"posts.classic\">\n\t\t\t\t<div class=\"elementor-widget-container\">\n\t\t\t\t\t\t\t<div class=\"elementor-posts-container elementor-posts elementor-posts--skin-classic elementor-grid\" role=\"list\">\n\t\t\t\t<article class=\"elementor-post elementor-grid-item post-16218 post type-post status-publish format-standard has-post-thumbnail hentry category-eventos category-871\" role=\"listitem\">\n\t\t\t\t<a class=\"elementor-post__thumbnail__link\" href=\"https:\/\/www.artenara.es\/portal-ciudadano\/eventos\/%f0%9f%8f%93-torneo-de-ping-pong-fiestas-de-la-cuevita-2026\/\" tabindex=\"-1\" >\n\t\t\t<div class=\"elementor-post__thumbnail\"><img decoding=\"async\" src=\"https:\/\/www.artenara.es\/portal-ciudadano\/wp-content\/uploads\/2026\/08\/cartel-pingpong-1-e1785841340777-418x315.webp\" title=\"cartel pingpong\" alt=\"cartel pingpong\" loading=\"lazy\" \/><\/div>\n\t\t<\/a>\n\t\t\t\t<div class=\"elementor-post__text\">\n\t\t\t\t<h3 class=\"elementor-post__title\">\n\t\t\t<a href=\"https:\/\/www.artenara.es\/portal-ciudadano\/eventos\/%f0%9f%8f%93-torneo-de-ping-pong-fiestas-de-la-cuevita-2026\/\" >\n\t\t\t\t\ud83c\udfd3 Torneo de Ping Pong \u2013 Fiestas de La Cuevita 2026\t\t\t<\/a>\n\t\t<\/h3>\n\t\t\t\t<div class=\"elementor-post__meta-data\">\n\t\t\t\t\t<span class=\"elementor-post-date\">\n\t\t\tAgo 4, 2026\t\t<\/span>\n\t\t\t\t<span class=\"elementor-post-avatar\">\n\t\t\tNo hay comentarios\t\t<\/span>\n\t\t\t\t<\/div>\n\t\t\n\t\t<a class=\"elementor-post__read-more\" href=\"https:\/\/www.artenara.es\/portal-ciudadano\/eventos\/%f0%9f%8f%93-torneo-de-ping-pong-fiestas-de-la-cuevita-2026\/\" aria-label=\"M\u00e1s informaci\u00f3n sobre \ud83c\udfd3 Torneo de Ping Pong \u2013 Fiestas de La Cuevita 2026\" tabindex=\"-1\" >\n\t\t\tLeer m\u00e1s \u00bb\t\t<\/a>\n\n\t\t\t\t<\/div>\n\t\t\t\t<\/article>\n\t\t\t\t<article class=\"elementor-post elementor-grid-item post-16200 post type-post status-publish format-standard has-post-thumbnail hentry category-actividades category-eventos category-871\" role=\"listitem\">\n\t\t\t\t<a class=\"elementor-post__thumbnail__link\" href=\"https:\/\/www.artenara.es\/portal-ciudadano\/eventos\/fiesta-de-la-tercera-edad-la-cuevita-2026\/\" tabindex=\"-1\" >\n\t\t\t<div class=\"elementor-post__thumbnail\"><img decoding=\"async\" src=\"https:\/\/www.artenara.es\/portal-ciudadano\/wp-content\/uploads\/2026\/07\/cartel-fiesta-mayores-1-e1785501661688-418x315.webp\" title=\"cartel fiesta mayores\" alt=\"cartel fiesta mayores\" loading=\"lazy\" \/><\/div>\n\t\t<\/a>\n\t\t\t\t<div class=\"elementor-post__text\">\n\t\t\t\t<h3 class=\"elementor-post__title\">\n\t\t\t<a href=\"https:\/\/www.artenara.es\/portal-ciudadano\/eventos\/fiesta-de-la-tercera-edad-la-cuevita-2026\/\" >\n\t\t\t\tFIESTA DE LA TERCERA EDAD &#8211; LA CUEVITA 2026\t\t\t<\/a>\n\t\t<\/h3>\n\t\t\t\t<div class=\"elementor-post__meta-data\">\n\t\t\t\t\t<span class=\"elementor-post-date\">\n\t\t\tJul 31, 2026\t\t<\/span>\n\t\t\t\t<span class=\"elementor-post-avatar\">\n\t\t\tNo hay comentarios\t\t<\/span>\n\t\t\t\t<\/div>\n\t\t\n\t\t<a class=\"elementor-post__read-more\" href=\"https:\/\/www.artenara.es\/portal-ciudadano\/eventos\/fiesta-de-la-tercera-edad-la-cuevita-2026\/\" aria-label=\"M\u00e1s informaci\u00f3n sobre FIESTA DE LA TERCERA EDAD &#8211; LA CUEVITA 2026\" tabindex=\"-1\" >\n\t\t\tLeer m\u00e1s \u00bb\t\t<\/a>\n\n\t\t\t\t<\/div>\n\t\t\t\t<\/article>\n\t\t\t\t<article class=\"elementor-post elementor-grid-item post-15897 post type-post status-publish format-standard has-post-thumbnail hentry category-actividades category-eventos category-871\" role=\"listitem\">\n\t\t\t\t<a class=\"elementor-post__thumbnail__link\" href=\"https:\/\/www.artenara.es\/portal-ciudadano\/eventos\/artenara-en-ruta-naturaleza-patrimonio-y-paisaje\/\" tabindex=\"-1\" >\n\t\t\t<div class=\"elementor-post__thumbnail\"><img decoding=\"async\" src=\"https:\/\/www.artenara.es\/portal-ciudadano\/wp-content\/uploads\/2026\/06\/cartel-caminata-27-06-e1782461625657-418x315.webp\" title=\"cartel caminata 27-06\" alt=\"cartel caminata 27-06\" loading=\"lazy\" \/><\/div>\n\t\t<\/a>\n\t\t\t\t<div class=\"elementor-post__text\">\n\t\t\t\t<h3 class=\"elementor-post__title\">\n\t\t\t<a href=\"https:\/\/www.artenara.es\/portal-ciudadano\/eventos\/artenara-en-ruta-naturaleza-patrimonio-y-paisaje\/\" >\n\t\t\t\tARTENARA EN RUTA: NATURALEZA, PATRIMONIO Y PAISAJE\t\t\t<\/a>\n\t\t<\/h3>\n\t\t\t\t<div class=\"elementor-post__meta-data\">\n\t\t\t\t\t<span class=\"elementor-post-date\">\n\t\t\tJun 22, 2026\t\t<\/span>\n\t\t\t\t<span class=\"elementor-post-avatar\">\n\t\t\tNo hay comentarios\t\t<\/span>\n\t\t\t\t<\/div>\n\t\t\n\t\t<a class=\"elementor-post__read-more\" href=\"https:\/\/www.artenara.es\/portal-ciudadano\/eventos\/artenara-en-ruta-naturaleza-patrimonio-y-paisaje\/\" aria-label=\"M\u00e1s informaci\u00f3n sobre ARTENARA EN RUTA: NATURALEZA, PATRIMONIO Y PAISAJE\" tabindex=\"-1\" >\n\t\t\tLeer m\u00e1s \u00bb\t\t<\/a>\n\n\t\t\t\t<\/div>\n\t\t\t\t<\/article>\n\t\t\t\t<article class=\"elementor-post elementor-grid-item post-15819 post type-post status-publish format-standard has-post-thumbnail hentry category-actividades category-cultura category-eventos category-871\" role=\"listitem\">\n\t\t\t\t<a class=\"elementor-post__thumbnail__link\" href=\"https:\/\/www.artenara.es\/portal-ciudadano\/eventos\/fiestas-en-honor-a-nuestra-sra-del-rosario-y-san-juan-bautista-2026\/\" tabindex=\"-1\" >\n\t\t\t<div class=\"elementor-post__thumbnail\"><img decoding=\"async\" src=\"https:\/\/www.artenara.es\/portal-ciudadano\/wp-content\/uploads\/2026\/06\/WhatsApp-Image-2026-06-16-at-19.30.44-418x315.webp\" title=\"WhatsApp Image 2026-06-16 at 19.30.44\" alt=\"WhatsApp Image 2026-06-16 at 19.30.44\" loading=\"lazy\" \/><\/div>\n\t\t<\/a>\n\t\t\t\t<div class=\"elementor-post__text\">\n\t\t\t\t<h3 class=\"elementor-post__title\">\n\t\t\t<a href=\"https:\/\/www.artenara.es\/portal-ciudadano\/eventos\/fiestas-en-honor-a-nuestra-sra-del-rosario-y-san-juan-bautista-2026\/\" >\n\t\t\t\tFIESTAS EN HONOR A NUESTRA SRA. DEL ROSARIO Y SAN JUAN BAUTISTA 2026\t\t\t<\/a>\n\t\t<\/h3>\n\t\t\t\t<div class=\"elementor-post__meta-data\">\n\t\t\t\t\t<span class=\"elementor-post-date\">\n\t\t\tJun 16, 2026\t\t<\/span>\n\t\t\t\t<span class=\"elementor-post-avatar\">\n\t\t\tNo hay comentarios\t\t<\/span>\n\t\t\t\t<\/div>\n\t\t\n\t\t<a class=\"elementor-post__read-more\" href=\"https:\/\/www.artenara.es\/portal-ciudadano\/eventos\/fiestas-en-honor-a-nuestra-sra-del-rosario-y-san-juan-bautista-2026\/\" aria-label=\"M\u00e1s informaci\u00f3n sobre FIESTAS EN HONOR A NUESTRA SRA. DEL ROSARIO Y SAN JUAN BAUTISTA 2026\" tabindex=\"-1\" >\n\t\t\tLeer m\u00e1s \u00bb\t\t<\/a>\n\n\t\t\t\t<\/div>\n\t\t\t\t<\/article>\n\t\t\t\t<article class=\"elementor-post elementor-grid-item post-15517 post type-post status-publish format-standard has-post-thumbnail hentry category-actividades category-eventos category-noticias category-noticias-destacadas category-871\" role=\"listitem\">\n\t\t\t\t<a class=\"elementor-post__thumbnail__link\" href=\"https:\/\/www.artenara.es\/portal-ciudadano\/noticias\/ii-encuentro-de-mujeres-por-la-reserva-de-la-biosfera-de-gran-canaria-actividad-gratuita\/\" tabindex=\"-1\" >\n\t\t\t<div class=\"elementor-post__thumbnail\"><img decoding=\"async\" src=\"https:\/\/www.artenara.es\/portal-ciudadano\/wp-content\/uploads\/2026\/03\/cartel-encuentro-mujeres-rb-e1773402804997-418x315.webp\" title=\"cartel-encuentro-mujeres-rb\" alt=\"cartel-encuentro-mujeres-rb\" loading=\"lazy\" \/><\/div>\n\t\t<\/a>\n\t\t\t\t<div class=\"elementor-post__text\">\n\t\t\t\t<h3 class=\"elementor-post__title\">\n\t\t\t<a href=\"https:\/\/www.artenara.es\/portal-ciudadano\/noticias\/ii-encuentro-de-mujeres-por-la-reserva-de-la-biosfera-de-gran-canaria-actividad-gratuita\/\" >\n\t\t\t\tII ENCUENTRO DE MUJERES POR LA RESERVA DE LA BIOSFERA DE GRAN CANARIA &#8211; ACTIVIDAD GRATUITA\t\t\t<\/a>\n\t\t<\/h3>\n\t\t\t\t<div class=\"elementor-post__meta-data\">\n\t\t\t\t\t<span class=\"elementor-post-date\">\n\t\t\tMar 13, 2026\t\t<\/span>\n\t\t\t\t<span class=\"elementor-post-avatar\">\n\t\t\tNo hay comentarios\t\t<\/span>\n\t\t\t\t<\/div>\n\t\t\n\t\t<a class=\"elementor-post__read-more\" href=\"https:\/\/www.artenara.es\/portal-ciudadano\/noticias\/ii-encuentro-de-mujeres-por-la-reserva-de-la-biosfera-de-gran-canaria-actividad-gratuita\/\" aria-label=\"M\u00e1s informaci\u00f3n sobre II ENCUENTRO DE MUJERES POR LA RESERVA DE LA BIOSFERA DE GRAN CANARIA &#8211; ACTIVIDAD GRATUITA\" tabindex=\"-1\" >\n\t\t\tLeer m\u00e1s \u00bb\t\t<\/a>\n\n\t\t\t\t<\/div>\n\t\t\t\t<\/article>\n\t\t\t\t<article class=\"elementor-post elementor-grid-item post-15507 post type-post status-publish format-standard hentry category-desarrollo-local category-eventos category-noticias-destacadas category-social category-871\" role=\"listitem\">\n\t\t\t\t<div class=\"elementor-post__text\">\n\t\t\t\t<h3 class=\"elementor-post__title\">\n\t\t\t<a href=\"https:\/\/www.artenara.es\/portal-ciudadano\/eventos\/publicidad-de-subvencion-concedida-por-la-consejeria-de-presidencia-y-movilidad-al-ayuntamiento-de-artenara\/\" >\n\t\t\t\tPUBLICIDAD DE SUBVENCI\u00d3N CONCEDIDA POR LA CONSEJER\u00cdA DE PRESIDENCIA Y MOVILIDAD AL AYUNTAMIENTO DE ARTENARA\t\t\t<\/a>\n\t\t<\/h3>\n\t\t\t\t<div class=\"elementor-post__meta-data\">\n\t\t\t\t\t<span class=\"elementor-post-date\">\n\t\t\tMar 10, 2026\t\t<\/span>\n\t\t\t\t<span class=\"elementor-post-avatar\">\n\t\t\tNo hay comentarios\t\t<\/span>\n\t\t\t\t<\/div>\n\t\t\n\t\t<a class=\"elementor-post__read-more\" href=\"https:\/\/www.artenara.es\/portal-ciudadano\/eventos\/publicidad-de-subvencion-concedida-por-la-consejeria-de-presidencia-y-movilidad-al-ayuntamiento-de-artenara\/\" aria-label=\"M\u00e1s informaci\u00f3n sobre PUBLICIDAD DE SUBVENCI\u00d3N CONCEDIDA POR LA CONSEJER\u00cdA DE PRESIDENCIA Y MOVILIDAD AL AYUNTAMIENTO DE ARTENARA\" tabindex=\"-1\" >\n\t\t\tLeer m\u00e1s \u00bb\t\t<\/a>\n\n\t\t\t\t<\/div>\n\t\t\t\t<\/article>\n\t\t\t\t<\/div>\n\t\t\n\t\t\t\t\t\t<\/div>\n\t\t\t\t<\/div>\n\t\t\t\t\t<\/div>\n\t\t<\/div>\n\t\t\t\t\t<\/div>\n\t\t<\/section>\n\t\t\t\t<section class=\"elementor-section elementor-top-section elementor-element elementor-element-be32c61 elementor-section-boxed elementor-section-height-default elementor-section-height-default\" data-id=\"be32c61\" data-element_type=\"section\" data-e-type=\"section\">\n\t\t\t\t\t\t<div class=\"elementor-container elementor-column-gap-default\">\n\t\t\t\t\t<div class=\"elementor-column elementor-col-100 elementor-top-column elementor-element elementor-element-250a2c6\" data-id=\"250a2c6\" data-element_type=\"column\" data-e-type=\"column\">\n\t\t\t<div class=\"elementor-widget-wrap elementor-element-populated\">\n\t\t\t\t\t\t<div class=\"elementor-element elementor-element-76c0e1d elementor-widget-divider--view-line elementor-widget elementor-widget-divider\" data-id=\"76c0e1d\" data-element_type=\"widget\" data-e-type=\"widget\" data-widget_type=\"divider.default\">\n\t\t\t\t<div class=\"elementor-widget-container\">\n\t\t\t\t\t\t\t<div class=\"elementor-divider\">\n\t\t\t<span class=\"elementor-divider-separator\">\n\t\t\t\t\t\t<\/span>\n\t\t<\/div>\n\t\t\t\t\t\t<\/div>\n\t\t\t\t<\/div>\n\t\t\t\t\t<\/div>\n\t\t<\/div>\n\t\t\t\t\t<\/div>\n\t\t<\/section>\n\t\t\t\t<section class=\"elementor-section elementor-top-section elementor-element elementor-element-7eaff80 elementor-section-boxed elementor-section-height-default elementor-section-height-default\" data-id=\"7eaff80\" data-element_type=\"section\" data-e-type=\"section\">\n\t\t\t\t\t\t<div class=\"elementor-container elementor-column-gap-default\">\n\t\t\t\t\t<div class=\"elementor-column elementor-col-33 elementor-top-column elementor-element elementor-element-ddc0d9e\" data-id=\"ddc0d9e\" data-element_type=\"column\" data-e-type=\"column\">\n\t\t\t<div class=\"elementor-widget-wrap elementor-element-populated\">\n\t\t\t\t\t\t<div class=\"elementor-element elementor-element-ebe9c0d elementor-widget elementor-widget-image\" data-id=\"ebe9c0d\" data-element_type=\"widget\" data-e-type=\"widget\" data-widget_type=\"image.default\">\n\t\t\t\t<div class=\"elementor-widget-container\">\n\t\t\t\t\t\t\t\t\t\t\t\t\t\t\t\t<a href=\"https:\/\/es-es.facebook.com\/AyuntamientoDeArtenara\">\n\t\t\t\t\t\t\t<img loading=\"lazy\" decoding=\"async\" width=\"326\" height=\"101\" src=\"https:\/\/www.artenara.es\/portal-ciudadano\/wp-content\/uploads\/2020\/07\/redes-23.png\" class=\"attachment-large size-large wp-image-8475\" alt=\"\" srcset=\"https:\/\/www.artenara.es\/portal-ciudadano\/wp-content\/uploads\/2020\/07\/redes-23.png 326w, https:\/\/www.artenara.es\/portal-ciudadano\/wp-content\/uploads\/2020\/07\/redes-23-300x93.png 300w\" sizes=\"(max-width: 326px) 100vw, 326px\" \/>\t\t\t\t\t\t\t\t<\/a>\n\t\t\t\t\t\t\t\t\t\t\t\t\t\t\t<\/div>\n\t\t\t\t<\/div>\n\t\t\t\t\t<\/div>\n\t\t<\/div>\n\t\t\t\t<div class=\"elementor-column elementor-col-33 elementor-top-column elementor-element elementor-element-a8aec27\" data-id=\"a8aec27\" data-element_type=\"column\" data-e-type=\"column\">\n\t\t\t<div class=\"elementor-widget-wrap elementor-element-populated\">\n\t\t\t\t\t\t<div class=\"elementor-element elementor-element-ffad443 elementor-widget elementor-widget-image\" data-id=\"ffad443\" data-element_type=\"widget\" data-e-type=\"widget\" data-widget_type=\"image.default\">\n\t\t\t\t<div class=\"elementor-widget-container\">\n\t\t\t\t\t\t\t\t\t\t\t\t\t\t\t\t<a href=\"https:\/\/www.instagram.com\/aytodeartenara\/\">\n\t\t\t\t\t\t\t<img loading=\"lazy\" decoding=\"async\" width=\"326\" height=\"101\" src=\"https:\/\/www.artenara.es\/portal-ciudadano\/wp-content\/uploads\/2020\/07\/redes-25.png\" class=\"attachment-large size-large wp-image-8477\" alt=\"\" srcset=\"https:\/\/www.artenara.es\/portal-ciudadano\/wp-content\/uploads\/2020\/07\/redes-25.png 326w, https:\/\/www.artenara.es\/portal-ciudadano\/wp-content\/uploads\/2020\/07\/redes-25-300x93.png 300w\" sizes=\"(max-width: 326px) 100vw, 326px\" \/>\t\t\t\t\t\t\t\t<\/a>\n\t\t\t\t\t\t\t\t\t\t\t\t\t\t\t<\/div>\n\t\t\t\t<\/div>\n\t\t\t\t\t<\/div>\n\t\t<\/div>\n\t\t\t\t<div class=\"elementor-column elementor-col-33 elementor-top-column elementor-element elementor-element-428a365\" data-id=\"428a365\" data-element_type=\"column\" data-e-type=\"column\">\n\t\t\t<div class=\"elementor-widget-wrap elementor-element-populated\">\n\t\t\t\t\t\t<div class=\"elementor-element elementor-element-b0f85d6 elementor-widget elementor-widget-image\" data-id=\"b0f85d6\" data-element_type=\"widget\" data-e-type=\"widget\" data-widget_type=\"image.default\">\n\t\t\t\t<div class=\"elementor-widget-container\">\n\t\t\t\t\t\t\t\t\t\t\t\t\t\t\t\t<a href=\"https:\/\/www.youtube.com\/channel\/UCpjGKiywAhO6zvRMAtxDwjQ\">\n\t\t\t\t\t\t\t<img loading=\"lazy\" decoding=\"async\" width=\"326\" height=\"101\" src=\"https:\/\/www.artenara.es\/portal-ciudadano\/wp-content\/uploads\/2020\/07\/redes-26.png\" class=\"attachment-large size-large wp-image-8478\" alt=\"\" srcset=\"https:\/\/www.artenara.es\/portal-ciudadano\/wp-content\/uploads\/2020\/07\/redes-26.png 326w, https:\/\/www.artenara.es\/portal-ciudadano\/wp-content\/uploads\/2020\/07\/redes-26-300x93.png 300w\" sizes=\"(max-width: 326px) 100vw, 326px\" \/>\t\t\t\t\t\t\t\t<\/a>\n\t\t\t\t\t\t\t\t\t\t\t\t\t\t\t<\/div>\n\t\t\t\t<\/div>\n\t\t\t\t\t<\/div>\n\t\t<\/div>\n\t\t\t\t\t<\/div>\n\t\t<\/section>\n\t\t\t\t<\/div>\n\t\t","protected":false},"excerpt":{"rendered":"<p>Noticias Destacadas Eventos<\/p>\n","protected":false},"author":6,"featured_media":0,"parent":0,"menu_order":0,"comment_status":"closed","ping_status":"closed","template":"","meta":{"footnotes":""},"class_list":["post-16098","page","type-page","status-publish","hentry"],"_links":{"self":[{"href":"https:\/\/www.artenara.es\/portal-ciudadano\/wp-json\/wp\/v2\/pages\/16098","targetHints":{"allow":["GET"]}}],"collection":[{"href":"https:\/\/www.artenara.es\/portal-ciudadano\/wp-json\/wp\/v2\/pages"}],"about":[{"href":"https:\/\/www.artenara.es\/portal-ciudadano\/wp-json\/wp\/v2\/types\/page"}],"author":[{"embeddable":true,"href":"https:\/\/www.artenara.es\/portal-ciudadano\/wp-json\/wp\/v2\/users\/6"}],"replies":[{"embeddable":true,"href":"https:\/\/www.artenara.es\/portal-ciudadano\/wp-json\/wp\/v2\/comments?post=16098"}],"version-history":[{"count":15,"href":"https:\/\/www.artenara.es\/portal-ciudadano\/wp-json\/wp\/v2\/pages\/16098\/revisions"}],"predecessor-version":[{"id":17122,"href":"https:\/\/www.artenara.es\/portal-ciudadano\/wp-json\/wp\/v2\/pages\/16098\/revisions\/17122"}],"wp:attachment":[{"href":"https:\/\/www.artenara.es\/portal-ciudadano\/wp-json\/wp\/v2\/media?parent=16098"}],"curies":[{"name":"wp","href":"https:\/\/api.w.org\/{rel}","templated":true}]}}